{"id":4118,"date":"2016-10-16T15:39:43","date_gmt":"2016-10-16T15:39:43","guid":{"rendered":"http:\/\/campusaltea.umh.es\/?page_id=4118"},"modified":"2023-03-15T15:45:00","modified_gmt":"2023-03-15T15:45:00","slug":"juan-jose-llobell-andres","status":"publish","type":"page","link":"https:\/\/campusaltea.umh.es\/es\/profesores\/juan-jose-llobell-andres\/","title":{"rendered":"Juan Jos\u00e9 Llobell Andres"},"content":{"rendered":"<p><div  class=\"ut-one-half  \">\n<p><a href=\"http:\/\/campusaltea.umh.es\/files\/2018\/10\/FOTO-MEUA.jpg\"><img loading=\"lazy\" class=\" wp-image-4033 size-full alignleft\" src=\"http:\/\/campusaltea.umh.es\/files\/2018\/10\/FOTO-MEUA.jpg\" alt=\"\" width=\"750\" height=\"1000\" \/><\/a><\/p>\n<\/div>\n<div  class=\"ut-one-half ut-column-last  \">\n<h4>Juan Jos\u00e9 Llobell Andres<\/h4>\n<p><span style=\"font-weight: 400\">Artista interdisciplinar, cuya obra se aproxima a una concepci\u00f3n espiritual de la experiencia art\u00edstica, en la que la introspecci\u00f3n, lo po\u00e9tico y lo simb\u00f3lico adquieren gran relevancia. Otro aspecto destacable en su\u00a0creaci\u00f3n art\u00edstica\u00a0es la conexi\u00f3n con la naturaleza, en la que se intuye una indisoluble unidad entre el ser humano y su entorno natural, entre microcosmos y macrocosmos.<\/span><\/p>\n<p><span style=\"font-weight: 400\">Trabaja en varios medios y soportes de la escultura (intervenciones en espacios naturales e instalaciones), la pintura y el dibujo. Ha expuesto en varias galer\u00edas y espacios de arte como la Galer\u00eda Pascual Lucas de Valencia, la Iglesia de Santa Mar\u00eda ad Nives de R\u00edmini (Italia), el Museo de la Universidad de Alicante, l\u2019Espai d\u2019Art la Llotgeta de Valencia, la Fundaci\u00f3n Bilbao Arte, o Peregrinatio del Consorci de Museus de la Comunitat Valenciana.<\/span><\/p>\n<p><span style=\"font-weight: 400\">Ha creado y comisariado varios espacios de arte como <\/span><i><span style=\"font-weight: 400\">La Ruta de les Ermites<\/span><\/i><span style=\"font-weight: 400\"> de Altea, <\/span><i><span style=\"font-weight: 400\">L\u2019Espai d\u2019Art Puig Campana<\/span><\/i><span style=\"font-weight: 400\"> y el <\/span><i><span style=\"font-weight: 400\">Espacio de Arte y Naturaleza La Font del Mol\u00ed<\/span><\/i><span style=\"font-weight: 400\">, algunos de ellos con un car\u00e1cter pionero en su entorno cultural.<\/span><\/p>\n<p><span style=\"font-weight: 400\">Tambi\u00e9n ha desarrollado una actividad investigadora en el \u00e1mbito del patrimonio hist\u00f3rico art\u00edstico y es miembro de la Red de Expertos del Proyecto Campus de Excelencia Internacional en Patrimonio, concedido por el Ministerio de Ciencia e Innovaci\u00f3n a las universidades andaluzas.<\/span><\/p>\n<p><span style=\"font-weight: 400\">Es autor de numerosas publicaciones en revistas indexadas, libros y cat\u00e1logos.<\/span><\/p>\n<\/div><div class=\"clear\"><\/div>\n<hr \/>\n<div  class=\"ut-one-half  \">\n<h5>Informaci\u00f3n adicional<\/h5>\n<div id=\"ut-accordion-parent-1\" class=\"ut-accordion\"><div class=\"ut-accordion-group\"> <div class=\"ut-accordion-heading \"><a data-parent=\"#ut-accordion-parent-1\" class=\"accordion-toggle collapsed \" data-toggle=\"collapse\" data-target=\"#accordion0\">Campos de Interes<\/a><\/div><div id=\"accordion0\" class=\"ut-accordion-body collapse\"><div class=\"ut-accordion-inner entry-content clearfix\">\n<ul>\n<li>Escultura (intervenciones e instalaciones), pintura y dibujo.<\/li>\n<li>Arte y naturaleza.<\/li>\n<li>Arte y espiritualidad.<\/li>\n<li>Patrimonio hist\u00f3rico art\u00edstico.<\/li>\n<\/ul>\n<\/div><\/div>\n<div id=\"ut-accordion-parent-2\" class=\"ut-accordion\"><div class=\"ut-accordion-group\"><\/div><\/div> <div class=\"ut-accordion-heading \"><a data-parent=\"#ut-accordion-parent-2\" class=\"accordion-toggle collapsed \" data-toggle=\"collapse\" data-target=\"#accordion1\">Estudios<\/a><\/div><div id=\"accordion1\" class=\"ut-accordion-body collapse\"><div class=\"ut-accordion-inner entry-content clearfix\">\n<ul>\n<li>Licenciado en Bellas Artes por la Facultad de San Carlos de Valencia, Universidad Polit\u00e9cnica de Valencia, 1990.<\/li>\n<li>Doctor por el Departamento de Pintura, Universidad Polit\u00e9cnica de Valencia, 1996.<\/li>\n<\/ul>\n<\/div><\/div>\n<div id=\"ut-accordion-parent-3\" class=\"ut-accordion\"><div class=\"ut-accordion-group\"><\/div><\/div> <div class=\"ut-accordion-heading \"><a data-parent=\"#ut-accordion-parent-3\" class=\"accordion-toggle collapsed \" data-toggle=\"collapse\" data-target=\"#accordion2\">Tesis doctoral<\/a><\/div><div id=\"accordion2\" class=\"ut-accordion-body collapse\"><div class=\"ut-accordion-inner entry-content clearfix\">\n<p><em>La iron\u00eda como estrategia y reflexi\u00f3n en la creaci\u00f3n pl\u00e1stica desde los a\u00f1os ochenta, 1996, cum laude.<\/em><\/p>\n<\/div><\/div>\n<div id=\"ut-accordion-parent-4\" class=\"ut-accordion\"><div class=\"ut-accordion-group\"><\/div><\/div> <div class=\"ut-accordion-heading \"><a data-parent=\"#ut-accordion-parent-4\" class=\"accordion-toggle collapsed \" data-toggle=\"collapse\" data-target=\"#accordion3\">Lineas de investigaci\u00f3n<\/a><\/div><div id=\"accordion3\" class=\"ut-accordion-body collapse\"><div class=\"ut-accordion-inner entry-content clearfix\">\n<ul>\n<li>Nuevos soportes art\u00edsticos en relaci\u00f3n con la naturaleza.<\/li>\n<li>La experiencia art\u00edstica en su dimensi\u00f3n filos\u00f3fico-po\u00e9tica.<\/li>\n<li>Patrimonio hist\u00f3rico art\u00edstico.<\/li>\n<\/ul>\n<\/div><\/div>\n<div id=\"ut-accordion-parent-5\" class=\"ut-accordion\"><div class=\"ut-accordion-group\"><\/div><\/div> <div class=\"ut-accordion-heading \"><a data-parent=\"#ut-accordion-parent-5\" class=\"accordion-toggle collapsed \" data-toggle=\"collapse\" data-target=\"#accordion4\">Enlace a web personal<\/a><\/div><div id=\"accordion4\" class=\"ut-accordion-body collapse\"><div class=\"ut-accordion-inner entry-content clearfix\">\n<p><a href=\"http:\/\/www.joanllobell.es\"><span style=\"font-weight: 400\">http:\/\/www.joanllobell.es<\/span><\/a><\/p>\n<p><span style=\"font-weight: 400\">INSTAGRAM: _joanllobell_<\/span><\/p>\n<p><a href=\"http:\/\/www.arteinformado.co\/buscar?category=&amp;expr=joan+llobell\"><span style=\"font-weight: 400\">http:\/\/www.arteinformado.co\/buscar?category=&amp;expr=joan+llobell<\/span><\/a><\/p>\n<\/div><\/div>\n<div id=\"ut-accordion-parent-6\" class=\"ut-accordion\"><div class=\"ut-accordion-group\"><\/div><\/div> <div class=\"ut-accordion-heading \"><a data-parent=\"#ut-accordion-parent-6\" class=\"accordion-toggle collapsed \" data-toggle=\"collapse\" data-target=\"#accordion5\">Exposiciones individuales<\/a><\/div><div id=\"accordion5\" class=\"ut-accordion-body collapse\"><div class=\"ut-accordion-inner entry-content clearfix\">\n<ul>\n<li><i><span style=\"font-weight: 400\">Holomovement, <\/span><\/i><span style=\"font-weight: 400\">espacio natural de<\/span> <span style=\"font-weight: 400\">La Vila Joiosa, 2019<\/span><\/li>\n<li><em>\u00bfSoy yo, eres T\u00fa? <\/em>Facultad de Bellas Artes de Altea, 2016.<\/li>\n<li><em>Senders<\/em>, Espai d\u2019Art la Llotgeta, Valencia, 2008, cat\u00e1logo.<\/li>\n<li>Galer\u00eda Pascual Lucas Espai, Valencia, 1994.<\/li>\n<li>Iglesia de Santa Mar\u00eda ad Nives de R\u00edmini (Italia), 1993, cat\u00e1logo.<\/li>\n<li><em>Moments intrascendents<\/em>, Galer\u00eda Pascual Lucas Espai, Valencia, 1993.<\/li>\n<\/ul>\n<\/div><\/div>\n<div id=\"ut-accordion-parent-7\" class=\"ut-accordion\"><div class=\"ut-accordion-group\"><\/div><\/div> <div class=\"ut-accordion-heading \"><a data-parent=\"#ut-accordion-parent-7\" class=\"accordion-toggle collapsed \" data-toggle=\"collapse\" data-target=\"#accordion6\">Exposiciones colectivas<\/a><\/div><div id=\"accordion6\" class=\"ut-accordion-body collapse\"><div class=\"ut-accordion-inner entry-content clearfix\">\n<ul>\n<li><i><span style=\"font-weight: 400\">DE RE\u00dcLL, 1990 \u2013 2020, <\/span><\/i><span style=\"font-weight: 400\">Centre del Carme, Consorci de Museus de la Comunitat Valenciana, comisario: Rafael Tormo Cuenca, 2021, cat\u00e1logo.<\/span><\/li>\n<li><em>Peluches<\/em>,Sala de arte del Parque Garc\u00eda Sanabria, Santa Cruz de Tenerife, comisaria: Mar\u00eda Luisa Hodgson, 2018, cat\u00e1logo.<\/li>\n<li><em>Sobre papel<\/em><em>. Artistas en la Comunidad Valenciana<\/em>, Museo de la Universidad de Alicante, comisaria: Marta Ru\u00edz, 2015, cat\u00e1logo.<\/li>\n<li><em>Peregrinatio<\/em>, <em>teatro de los misterios<\/em>, Calvario de Sagunto, Consorcio de Museos de la Comunidad Valenciana, comisario: Fernando Castro, 2010, cat\u00e1logo.<\/li>\n<li><em>Bernia<\/em>.\u00a0<em>Grupo de investigaci\u00f3n<\/em>, Fundaci\u00f3n Bilbao Arte, Bilbao, comisario: Kosme de Bara\u00f1ano, 2009, cat\u00e1logo.<\/li>\n<li><em>Temps, Mam\u00f2ria V<\/em>, Castillo de D\u00e9nia, Universidad Polit\u00e9cnica de Valencia y De Re\u00fcll, 2006, cat\u00e1logo.<\/li>\n<li><em>VI Encuentros de Arte Contempor\u00e1neo<\/em>, Instituto Juan Gil Albert, Museo de la Universidad de Alicante, comisaria: Juana Mar\u00eda Balsalobre, 2004, cat\u00e1logo.<\/li>\n<li><em>El resto, tras el sujeto<\/em>, Valencia, Consorcio de Museos de la Comunidad Valenciana, comisario: Fernando Castro, 2001,\u00a0cat\u00e1logo.<\/li>\n<li><em>Formes i llocs,\u00a0<\/em>Intervenciones pl\u00e1sticas en Teulada, Alicante, comisario: Manuel Adsuara, 2001, cat\u00e1logo.<\/li>\n<li><em>El pulso de la Tierra<\/em>, Palau de la M\u00fasica de Val\u00e8ncia, comisario: Jos\u00e9 Albelda, 1993, cat\u00e1logo.<\/li>\n<li><em>10 intervencions pl\u00e0stiques al centre hist\u00f2ric de X\u00e0bia,\u00a0<\/em>J\u00e1vea, Alicante, 1993, cat\u00e1logo.<\/li>\n<\/ul>\n<\/div><\/div>\n<div id=\"ut-accordion-parent-8\" class=\"ut-accordion\"><div class=\"ut-accordion-group\"><\/div><\/div> <div class=\"ut-accordion-heading \"><a data-parent=\"#ut-accordion-parent-8\" class=\"accordion-toggle collapsed \" data-toggle=\"collapse\" data-target=\"#accordion7\">Libros<\/a><\/div><div id=\"accordion7\" class=\"ut-accordion-body collapse\"><div class=\"ut-accordion-inner entry-content clearfix\">\n<ul>\n<li>Llobell, Joan, \u201cLa ascensi\u00f3n a la monta\u00f1a como perspectiva c\u00f3smica\u201d, en AA.VV.\u00a0<em>Anuario de Arte y Arquitectura<\/em>, Grupo de investigaci\u00f3n eumed.net SEJ 309, Universidad de M\u00e1laga, 2015.<\/li>\n<li>Llobell, Joan, \u201cLa luz como s\u00edmbolo de lo sagrado en la Ruta de les Ermites\u201d en A.A.V.V. <em>Support\/surface: desde la oscuridad hacia la luz. Reflections &amp; Il.luminations.<\/em> Fundaci\u00f3n Ca\u00f1ada Blanch, Valencia, 2013.<\/li>\n<li>Llobell, Joan, <em>Restauraci\u00f3 virtual de la Teulada G\u00f2tica<\/em>, Institut Alacant\u00ed de Cultura Juan Gil Albert, Alicante, 2010.<\/li>\n<li>Llobell, Joan, \u201cLa Ruta de les Ermites\u201d, en AA.VV.\u00a0<em>La pr\u00e1ctica de la cr\u00edtica: el artista y el escritor cr\u00edticos de arte<\/em>, Asociaci\u00f3n murciana de cr\u00edticos de arte, Murcia, 2006.<\/li>\n<li>Llobell, Joan, \u201cVer en s\u00ed mismo\u201d, en\u00a0<em>Teresa Cebri\u00e1n<\/em>, Consorcio de Museos de la Comunidad Valenciana, Valencia, 1999.<\/li>\n<\/ul>\n<\/div><\/div>\n<div id=\"ut-accordion-parent-9\" class=\"ut-accordion\"><div class=\"ut-accordion-group\"><\/div><\/div> <div class=\"ut-accordion-heading \"><a data-parent=\"#ut-accordion-parent-9\" class=\"accordion-toggle collapsed \" data-toggle=\"collapse\" data-target=\"#accordion8\">Articulos en revistas<\/a><\/div><div id=\"accordion8\" class=\"ut-accordion-body collapse\"><div class=\"ut-accordion-inner entry-content clearfix\">\n<ul>\n<li>Llobell, Joan, \u201cEl arte como superaci\u00f3n de la l\u00f3gica conceptual y como aproximaci\u00f3n al sentido m\u00e1s profundo de las cosas\u201d, revista <em>La Colmena<\/em>, N\u00ba 94, Universidad Aut\u00f3noma del Estado de M\u00e9xico (M\u00e9xico), 2017.<\/li>\n<li>Llobell Joan y Riera, Margarita Tsering, \u201cEl mandala como herramienta de conocimiento personal\u201d, revista <em>Arteterapia: Papeles de arteterapia y educaci\u00f3n art\u00edstica para la inclusi\u00f3n social<\/em>, N\u00ba 12, Universidad Complutense de Madrid, 2017.<\/li>\n<li>Llobell Joan, \u201cEl arte y la conexi\u00f3n ecol\u00f3gica. El espacio de arte y naturaleza la Font del Mol\u00ed\u201d, revista <em>Bellas Artes.\u00a0Revista de Artes pl\u00e1sticas, Est\u00e9tica, Dise\u00f1o e Imagen<\/em>, Universidad de la Laguna, Canarias, 2016.<\/li>\n<li>Llobell Joan y Riera, Margarita Tsering, \u201cEl mandala en el contexto del arte y la espiritualidad\u201d, revista <em>ASRI, Arte y sociedad, revista de investigaci\u00f3n<\/em>, N\u00ba 11, Eumed.net, Universidad de M\u00e1laga, 2016.<\/li>\n<li>Llobell, Joan. \u201cEl proyecto de patrimonio La Teulada G\u00f2tica Emmurallada\u201d, revista\u00a0<em>Archivo de arte valenciano <\/em>N\u00ba XCV, Real Academia de Bellas Artes de San Carlos, Valencia, 2014.<\/li>\n<\/ul>\n<\/div><\/div>\n<div id=\"ut-accordion-parent-10\" class=\"ut-accordion\"><div class=\"ut-accordion-group\"><\/div><\/div> <div class=\"ut-accordion-heading \"><a data-parent=\"#ut-accordion-parent-10\" class=\"accordion-toggle collapsed \" data-toggle=\"collapse\" data-target=\"#accordion9\">Comisariados<\/a><\/div><div id=\"accordion9\" class=\"ut-accordion-body collapse\"><div class=\"ut-accordion-inner entry-content clearfix\">\n<ul>\n<li><em>Espai d\u2019art i natura La Font del Mol\u00ed<\/em>, proyectos de intervenciones escult\u00f3ricas en la naturaleza con obra permanente, espacio natural Puig Campana, Finestrat, 2009, cat\u00e1logo.<\/li>\n<li><em>Espai d\u2019Art Puig Campana<\/em>, proyectos de intervenciones escult\u00f3ricas y murales, centro hist\u00f3rico de Finestrat, 2006, cat\u00e1logo.<\/li>\n<li><em>Espai d\u2019Art Puig Campana<\/em>, proyectos de intervenciones escult\u00f3ricas y murales, centro hist\u00f3rico de Finestrat, 2004, cat\u00e1logo.<\/li>\n<li><em>La Ruta de les Ermites<\/em>, intervenciones en las ermitas e iglesias de Altea, Alicante, artistas: Jos\u00e9 Albelda, Juan Canales, Roc\u00edo Villalonga, Rafael Tormo, etc., co-comisario con Josep Ginestar, 2002.<\/li>\n<li><em>La Ruta de les Ermites<\/em>, intervenciones en las ermitas e iglesias de Altea, Alicante, artistas: Soledad Sevilla, Jos\u00e9 Antonio Orts, Teresa Cebri\u00e1n, Mar\u00eda Z\u00e1rraga, Ginestar, etc., 1999, cat\u00e1logo.<\/li>\n<li><em>La Ruta de les Ermites<\/em>, intervenciones en las ermitas e iglesias de Altea, Alicante, artistas: Emilio Mart\u00ednez, Olga Adelantado, Evarist Navarro, Roc\u00edo Villalonga, etc., 1998, cat\u00e1logo.<\/li>\n<li><em>La Ruta de les Ermites<\/em>, intervenciones en las ermitas e iglesias de Altea, Alicante, 1997, cat\u00e1logo.<\/li>\n<\/ul>\n<\/div><\/div>\n<div id=\"ut-accordion-parent-11\" class=\"ut-accordion\"><div class=\"ut-accordion-group\"><\/div><\/div> <div class=\"ut-accordion-heading \"><a data-parent=\"#ut-accordion-parent-11\" class=\"accordion-toggle collapsed \" data-toggle=\"collapse\" data-target=\"#accordion10\">Premios y becas<\/a><\/div><div id=\"accordion10\" class=\"ut-accordion-body collapse\"><div class=\"ut-accordion-inner entry-content clearfix\">\n<ul>\n<li>Fundaci\u00f3n C.A.M., Valencia, 2007.<\/li>\n<li>Bienal de Pintura de Altea, 1989.<\/li>\n<\/ul>\n<\/div><\/div>\n<div id=\"ut-accordion-parent-12\" class=\"ut-accordion\"><div class=\"ut-accordion-group\"><\/div><\/div> <div class=\"ut-accordion-heading \"><a data-parent=\"#ut-accordion-parent-12\" class=\"accordion-toggle collapsed \" data-toggle=\"collapse\" data-target=\"#accordion11\">Otros<\/a><\/div><div id=\"accordion11\" class=\"ut-accordion-body collapse\"><div class=\"ut-accordion-inner entry-content clearfix\">\n<ul>\n<li><span style=\"font-weight: 400\">Director art\u00edstico de la Col.lecci\u00f3 Aladroc, (ilustraciones de diez libros publicados con ISBN), Institut Alacant\u00ed de Cultura Juan Gil Albert, Alacant, 2018 a 2012.<\/span><span style=\"font-weight: 400\"> (En el a\u00f1o 2013 cinco libros recibieron la m\u00e1xima valoraci\u00f3n de \u201ccuatro estrellas\u201d de la cr\u00edtica en la importante revista \u00abFaristol\u00bb de literatura infantil en catal\u00e1n.)<\/span><\/li>\n<li><span style=\"font-weight: 400\">Miembro de la Red de Expertos del Proyecto Campus de Excelencia Internacional en Patrimonio, concedido por el Ministerio de Ciencia e Innovaci\u00f3n a las universidades andaluzas, 2013.<\/span><\/li>\n<li><span style=\"font-weight: 400\">Creador y Director del proyecto de patrimonio <\/span><i><span style=\"font-weight: 400\">La Teulada G\u00f2tica Emmurallada<\/span><\/i><span style=\"font-weight: 400\">, (declarado Bien de Inter\u00e9s Cultural.) Teulada (Alicante), 2008 a 2005.<\/span><\/li>\n<li><span style=\"font-weight: 400\">Autor \u00fanico del <\/span><i><span style=\"font-weight: 400\">Cat\u00e1logo de bienes inmuebles y espacios protegidos del conjunto hist\u00f3rico (Bien de Inter\u00e9s Cultural) La Teulada G\u00f2tica Emmurallada<\/span><\/i><span style=\"font-weight: 400\">, (400 p\u00e1ginas), 2008.<\/span><\/li>\n<li><span style=\"font-weight: 400\">Investigador principal y \u00fanico del I + D + I <\/span><i><span style=\"font-weight: 400\">Estudi del patrimoni hist\u00f3rico-art\u00edstic de la Teulada G\u00f2tica<\/span><\/i><span style=\"font-weight: 400\">, Conselleria d\u2019Empresa, Universitat i Ci\u00e8ncia de la Generalitat Valenciana, 2006. Resultados publicados en el libro: Llobell, Joan, <\/span><i><span style=\"font-weight: 400\">Restauraci\u00f3 Virtual de la Teulada G\u00f2tica, <\/span><\/i><span style=\"font-weight: 400\">Institut Alacant\u00ed de Cultura Juan Gil Albert, Alicante, 2010.<\/span><\/li>\n<\/ul>\n<\/div><\/div>\n<\/div><\/div>\n<\/div>\n<div  class=\"ut-one-half ut-column-last  \">\n<p>\n\t\t\t<!-- START llobell REVOLUTION SLIDER 6.5.14 --><p class=\"rs-p-wp-fix\"><\/p>\n\t\t\t<rs-module-wrap id=\"rev_slider_25_1_wrapper\" data-source=\"gallery\" style=\"visibility:hidden;background:transparent;padding:0;margin:0px auto;margin-top:0;margin-bottom:0;\">\n\t\t\t\t<rs-module id=\"rev_slider_25_1\" style=\"\" data-version=\"6.5.14\">\n\t\t\t\t\t<rs-slides>\n\t\t\t\t\t\t<rs-slide style=\"position: absolute;\" data-key=\"rs-154\" data-title=\"Slide\" data-thumb=\"\/\/campusaltea.umh.es\/files\/2017\/02\/JOAN-LLOBELL-Ll\u00e0grimes-llampants-Intervenci\u00f3n-135-espejos-en-movimiento-y-reflejos-de-luz-Castell-de-D\u00e9nia-2006-100x50.jpg\" data-anim=\"ms:600;\" data-in=\"o:0;\" data-out=\"a:false;\">\n\t\t\t\t\t\t\t<img src=\"\/\/campusaltea.umh.es\/wp-content\/plugins\/revslider\/public\/assets\/assets\/dummy.png\" alt=\"\" title=\"Juan Jos\u00e9 Llobell Andres\" class=\"rev-slidebg tp-rs-img rs-lazyload\" data-lazyload=\"\/\/campusaltea.umh.es\/files\/2017\/02\/JOAN-LLOBELL-Ll\u00e0grimes-llampants-Intervenci\u00f3n-135-espejos-en-movimiento-y-reflejos-de-luz-Castell-de-D\u00e9nia-2006.jpg\" data-bg=\"f:contain;\" data-no-retina>\n<!--\n\t\t\t\t\t\t\t--><rs-layer\n\t\t\t\t\t\t\t\tid=\"slider-25-slide-154-layer-1\" \n\t\t\t\t\t\t\t\tdata-type=\"text\"\n\t\t\t\t\t\t\t\tdata-color=\"rgba(0,0,0,1)\"\n\t\t\t\t\t\t\t\tdata-rsp_ch=\"on\"\n\t\t\t\t\t\t\t\tdata-xy=\"x:976px;y:743px;\"\n\t\t\t\t\t\t\t\tdata-text=\"s:26;l:22;fw:600;\"\n\t\t\t\t\t\t\t\tdata-frame_0=\"tp:600;\"\n\t\t\t\t\t\t\t\tdata-frame_1=\"tp:600;e:power2.inOut;st:500;\"\n\t\t\t\t\t\t\t\tdata-frame_999=\"o:0;tp:600;e:nothing;st:9000;\"\n\t\t\t\t\t\t\t\tstyle=\"z-index:5;font-family:'';\"\n\t\t\t\t\t\t\t>Ll\u00e0grimes llampants  \n\t\t\t\t\t\t\t<\/rs-layer><!--\n\n\t\t\t\t\t\t\t--><rs-layer\n\t\t\t\t\t\t\t\tid=\"slider-25-slide-154-layer-2\" \n\t\t\t\t\t\t\t\tdata-type=\"text\"\n\t\t\t\t\t\t\t\tdata-color=\"rgba(0,0,0,1)\"\n\t\t\t\t\t\t\t\tdata-rsp_ch=\"on\"\n\t\t\t\t\t\t\t\tdata-xy=\"x:976px;y:765px;\"\n\t\t\t\t\t\t\t\tdata-text=\"w:normal;l:22;\"\n\t\t\t\t\t\t\t\tdata-dim=\"w:245px;\"\n\t\t\t\t\t\t\t\tdata-frame_0=\"tp:600;\"\n\t\t\t\t\t\t\t\tdata-frame_1=\"tp:600;e:power2.inOut;st:500;\"\n\t\t\t\t\t\t\t\tdata-frame_999=\"o:0;tp:600;e:nothing;st:9000;\"\n\t\t\t\t\t\t\t\tstyle=\"z-index:6;font-family:'';\"\n\t\t\t\t\t\t\t>(Intervenci\u00f3n), 135 espejos en movimiento y reflejos de luz, Castell de D\u00e9nia, 2006 \n\t\t\t\t\t\t\t<\/rs-layer><!--\n-->\t\t\t\t\t\t<\/rs-slide>\n\t\t\t\t\t\t<rs-slide style=\"position: absolute;\" data-key=\"rs-156\" data-title=\"Slide\" data-thumb=\"\/\/campusaltea.umh.es\/files\/2017\/02\/JOAN-LLOBELL-Univers-Instalaci\u00f3n-papel-rasgado-a-mano-en-celos\u00eda-Espai-dArt-la-Llotgeta-Valencia-2008-100x50.jpg\" data-anim=\"ms:600;\" data-in=\"o:0;\" data-out=\"a:false;\">\n\t\t\t\t\t\t\t<img src=\"\/\/campusaltea.umh.es\/wp-content\/plugins\/revslider\/public\/assets\/assets\/dummy.png\" alt=\"\" title=\"Juan Jos\u00e9 Llobell Andres\" class=\"rev-slidebg tp-rs-img rs-lazyload\" data-lazyload=\"\/\/campusaltea.umh.es\/files\/2017\/02\/JOAN-LLOBELL-Univers-Instalaci\u00f3n-papel-rasgado-a-mano-en-celos\u00eda-Espai-dArt-la-Llotgeta-Valencia-2008.jpg\" data-bg=\"f:contain;\" data-no-retina>\n<!--\n\t\t\t\t\t\t\t--><rs-layer\n\t\t\t\t\t\t\t\tid=\"slider-25-slide-156-layer-1\" \n\t\t\t\t\t\t\t\tdata-type=\"text\"\n\t\t\t\t\t\t\t\tdata-color=\"rgba(0,0,0,1)\"\n\t\t\t\t\t\t\t\tdata-rsp_ch=\"on\"\n\t\t\t\t\t\t\t\tdata-xy=\"x:8px;y:20px;\"\n\t\t\t\t\t\t\t\tdata-text=\"s:26;l:22;fw:600;\"\n\t\t\t\t\t\t\t\tdata-frame_0=\"tp:600;\"\n\t\t\t\t\t\t\t\tdata-frame_1=\"tp:600;e:power2.inOut;st:500;\"\n\t\t\t\t\t\t\t\tdata-frame_999=\"o:0;tp:600;e:nothing;st:9000;\"\n\t\t\t\t\t\t\t\tstyle=\"z-index:5;font-family:'';\"\n\t\t\t\t\t\t\t>Univers  \n\t\t\t\t\t\t\t<\/rs-layer><!--\n\n\t\t\t\t\t\t\t--><rs-layer\n\t\t\t\t\t\t\t\tid=\"slider-25-slide-156-layer-2\" \n\t\t\t\t\t\t\t\tdata-type=\"text\"\n\t\t\t\t\t\t\t\tdata-color=\"rgba(0,0,0,1)\"\n\t\t\t\t\t\t\t\tdata-rsp_ch=\"on\"\n\t\t\t\t\t\t\t\tdata-xy=\"x:5px;y:51px;\"\n\t\t\t\t\t\t\t\tdata-text=\"w:normal;s:24;l:22;\"\n\t\t\t\t\t\t\t\tdata-dim=\"w:171px;h:177px;\"\n\t\t\t\t\t\t\t\tdata-frame_0=\"tp:600;\"\n\t\t\t\t\t\t\t\tdata-frame_1=\"tp:600;e:power2.inOut;st:500;\"\n\t\t\t\t\t\t\t\tdata-frame_999=\"o:0;tp:600;e:nothing;st:9000;\"\n\t\t\t\t\t\t\t\tstyle=\"z-index:6;font-family:'';\"\n\t\t\t\t\t\t\t>(instalaci\u00f3n), celos\u00eda con papel rasgado, 290 x 355 cm, Espai d'Art la Llotgeta, Valencia, 2008  \n\t\t\t\t\t\t\t<\/rs-layer><!--\n-->\t\t\t\t\t\t<\/rs-slide>\n\t\t\t\t\t\t<rs-slide style=\"position: absolute;\" data-key=\"rs-155\" data-title=\"Slide\" data-thumb=\"\/\/campusaltea.umh.es\/files\/2017\/02\/JOAN-LLOBELL-Llanternes-Intervenci\u00f3n-13-piezas-de-lat\u00f3n-en-movimiento-reflejos-de-luz-Peregrinatio-Consorci-de-Museus-de-la-Comunitat-Valenciana-2010-100x50.jpg\" data-anim=\"ms:600;\" data-in=\"o:0;\" data-out=\"a:false;\">\n\t\t\t\t\t\t\t<img src=\"\/\/campusaltea.umh.es\/wp-content\/plugins\/revslider\/public\/assets\/assets\/dummy.png\" alt=\"\" title=\"Juan Jos\u00e9 Llobell Andres\" class=\"rev-slidebg tp-rs-img rs-lazyload\" data-lazyload=\"\/\/campusaltea.umh.es\/files\/2017\/02\/JOAN-LLOBELL-Llanternes-Intervenci\u00f3n-13-piezas-de-lat\u00f3n-en-movimiento-reflejos-de-luz-Peregrinatio-Consorci-de-Museus-de-la-Comunitat-Valenciana-2010.jpg\" data-bg=\"f:contain;\" data-no-retina>\n<!--\n\t\t\t\t\t\t\t--><rs-layer\n\t\t\t\t\t\t\t\tid=\"slider-25-slide-155-layer-1\" \n\t\t\t\t\t\t\t\tdata-type=\"text\"\n\t\t\t\t\t\t\t\tdata-color=\"rgba(255,255,255,1)\"\n\t\t\t\t\t\t\t\tdata-rsp_ch=\"on\"\n\t\t\t\t\t\t\t\tdata-xy=\"x:20px;y:50px;\"\n\t\t\t\t\t\t\t\tdata-text=\"s:26;l:22;fw:600;\"\n\t\t\t\t\t\t\t\tdata-frame_0=\"tp:600;\"\n\t\t\t\t\t\t\t\tdata-frame_1=\"tp:600;e:power2.inOut;st:500;\"\n\t\t\t\t\t\t\t\tdata-frame_999=\"o:0;tp:600;e:nothing;st:9000;\"\n\t\t\t\t\t\t\t\tstyle=\"z-index:5;font-family:'';\"\n\t\t\t\t\t\t\t>Llanternes \n\t\t\t\t\t\t\t<\/rs-layer><!--\n\n\t\t\t\t\t\t\t--><rs-layer\n\t\t\t\t\t\t\t\tid=\"slider-25-slide-155-layer-2\" \n\t\t\t\t\t\t\t\tdata-type=\"text\"\n\t\t\t\t\t\t\t\tdata-color=\"rgba(255,255,255,1)\"\n\t\t\t\t\t\t\t\tdata-rsp_ch=\"on\"\n\t\t\t\t\t\t\t\tdata-xy=\"x:19px;y:78px;\"\n\t\t\t\t\t\t\t\tdata-text=\"w:normal;s:24;l:22;\"\n\t\t\t\t\t\t\t\tdata-dim=\"w:349px;\"\n\t\t\t\t\t\t\t\tdata-frame_0=\"tp:600;\"\n\t\t\t\t\t\t\t\tdata-frame_1=\"tp:600;e:power2.inOut;st:500;\"\n\t\t\t\t\t\t\t\tdata-frame_999=\"o:0;tp:600;e:nothing;st:9000;\"\n\t\t\t\t\t\t\t\tstyle=\"z-index:6;font-family:'';\"\n\t\t\t\t\t\t\t>(Intervenci\u00f3n), 12 hojas de lat\u00f3n en movimiento, Paregrinatio, Consorci de Museus de la        Comunitat Valenciana, Sagunto, 2010 \n\t\t\t\t\t\t\t<\/rs-layer><!--\n-->\t\t\t\t\t\t<\/rs-slide>\n\t\t\t\t\t\t<rs-slide style=\"position: absolute;\" data-key=\"rs-567\" data-title=\"Slide\" data-thumb=\"\/\/campusaltea.umh.es\/files\/2020\/03\/Llanternes-intervenci\u00f3n-detalle-12-hojas-de-lat\u00f3n-en-movimiento-Paregrinatio-Consorci-de-Museus-de-la-Comunitat-Valenciana-Sagunto-2010--100x50.jpg\" data-anim=\"ms:600;\" data-in=\"o:0;\" data-out=\"a:false;\">\n\t\t\t\t\t\t\t<img src=\"\/\/campusaltea.umh.es\/wp-content\/plugins\/revslider\/public\/assets\/assets\/dummy.png\" alt=\"\" title=\"Juan Jos\u00e9 Llobell Andres\" class=\"rev-slidebg tp-rs-img rs-lazyload\" data-lazyload=\"\/\/campusaltea.umh.es\/files\/2020\/03\/Llanternes-intervenci\u00f3n-detalle-12-hojas-de-lat\u00f3n-en-movimiento-Paregrinatio-Consorci-de-Museus-de-la-Comunitat-Valenciana-Sagunto-2010-.jpg\" data-bg=\"f:contain;\" data-no-retina>\n<!--\n\t\t\t\t\t\t\t--><rs-layer\n\t\t\t\t\t\t\t\tid=\"slider-25-slide-567-layer-1\" \n\t\t\t\t\t\t\t\tdata-type=\"text\"\n\t\t\t\t\t\t\t\tdata-color=\"rgba(255,255,255,1)\"\n\t\t\t\t\t\t\t\tdata-rsp_ch=\"on\"\n\t\t\t\t\t\t\t\tdata-xy=\"x:20px;y:50px;\"\n\t\t\t\t\t\t\t\tdata-text=\"s:26;l:22;fw:600;\"\n\t\t\t\t\t\t\t\tdata-frame_0=\"tp:600;\"\n\t\t\t\t\t\t\t\tdata-frame_1=\"tp:600;e:power2.inOut;st:500;\"\n\t\t\t\t\t\t\t\tdata-frame_999=\"o:0;tp:600;e:nothing;st:9000;\"\n\t\t\t\t\t\t\t\tstyle=\"z-index:5;font-family:'';\"\n\t\t\t\t\t\t\t>Llanternes \n\t\t\t\t\t\t\t<\/rs-layer><!--\n\n\t\t\t\t\t\t\t--><rs-layer\n\t\t\t\t\t\t\t\tid=\"slider-25-slide-567-layer-2\" \n\t\t\t\t\t\t\t\tdata-type=\"text\"\n\t\t\t\t\t\t\t\tdata-color=\"rgba(255,255,255,1)\"\n\t\t\t\t\t\t\t\tdata-rsp_ch=\"on\"\n\t\t\t\t\t\t\t\tdata-xy=\"x:19px;y:78px;\"\n\t\t\t\t\t\t\t\tdata-text=\"w:normal;s:24;l:22;\"\n\t\t\t\t\t\t\t\tdata-dim=\"w:319px;\"\n\t\t\t\t\t\t\t\tdata-frame_0=\"tp:600;\"\n\t\t\t\t\t\t\t\tdata-frame_1=\"tp:600;e:power2.inOut;st:500;\"\n\t\t\t\t\t\t\t\tdata-frame_999=\"o:0;tp:600;e:nothing;st:9000;\"\n\t\t\t\t\t\t\t\tstyle=\"z-index:6;font-family:'';\"\n\t\t\t\t\t\t\t>(intervenci\u00f3n - detalle),<br> 12 hojas de lat\u00f3n en movimiento, Paregrinatio, Consorci de Museus de la Comunitat Valenciana, Sagunto, 2010  \n\t\t\t\t\t\t\t<\/rs-layer><!--\n-->\t\t\t\t\t\t<\/rs-slide>\n\t\t\t\t\t\t<rs-slide style=\"position: absolute;\" data-key=\"rs-152\" data-title=\"Slide\" data-thumb=\"\/\/campusaltea.umh.es\/files\/2017\/02\/JOAN-LLOBELL-Intervenci\u00f3n-arcilla-pigmento-y-agua-riu-Guadalest-Altea-2015-100x50.jpg\" data-anim=\"ms:600;\" data-in=\"o:0;\" data-out=\"a:false;\">\n\t\t\t\t\t\t\t<img src=\"\/\/campusaltea.umh.es\/wp-content\/plugins\/revslider\/public\/assets\/assets\/dummy.png\" alt=\"\" title=\"Juan Jos\u00e9 Llobell Andres\" class=\"rev-slidebg tp-rs-img rs-lazyload\" data-lazyload=\"\/\/campusaltea.umh.es\/files\/2017\/02\/JOAN-LLOBELL-Intervenci\u00f3n-arcilla-pigmento-y-agua-riu-Guadalest-Altea-2015.jpg\" data-bg=\"f:contain;\" data-no-retina>\n<!--\n\t\t\t\t\t\t\t--><rs-layer\n\t\t\t\t\t\t\t\tid=\"slider-25-slide-152-layer-1\" \n\t\t\t\t\t\t\t\tdata-type=\"text\"\n\t\t\t\t\t\t\t\tdata-color=\"rgba(255,255,255,1)\"\n\t\t\t\t\t\t\t\tdata-rsp_ch=\"on\"\n\t\t\t\t\t\t\t\tdata-xy=\"x:915px;y:28px;\"\n\t\t\t\t\t\t\t\tdata-text=\"s:26;l:22;fw:900;\"\n\t\t\t\t\t\t\t\tdata-frame_0=\"tp:600;\"\n\t\t\t\t\t\t\t\tdata-frame_1=\"tp:600;e:power2.inOut;st:500;\"\n\t\t\t\t\t\t\t\tdata-frame_999=\"o:0;tp:600;e:nothing;st:9000;\"\n\t\t\t\t\t\t\t\tstyle=\"z-index:5;font-family:'';\"\n\t\t\t\t\t\t\t>Physis \n\t\t\t\t\t\t\t<\/rs-layer><!--\n\n\t\t\t\t\t\t\t--><rs-layer\n\t\t\t\t\t\t\t\tid=\"slider-25-slide-152-layer-2\" \n\t\t\t\t\t\t\t\tdata-type=\"text\"\n\t\t\t\t\t\t\t\tdata-color=\"rgba(255,255,255,1)\"\n\t\t\t\t\t\t\t\tdata-rsp_ch=\"on\"\n\t\t\t\t\t\t\t\tdata-xy=\"x:915px;y:72px;\"\n\t\t\t\t\t\t\t\tdata-text=\"w:normal;s:22;l:22;fw:800;\"\n\t\t\t\t\t\t\t\tdata-dim=\"w:259px;\"\n\t\t\t\t\t\t\t\tdata-frame_0=\"tp:600;\"\n\t\t\t\t\t\t\t\tdata-frame_1=\"tp:600;e:power2.inOut;st:500;\"\n\t\t\t\t\t\t\t\tdata-frame_999=\"o:0;tp:600;e:nothing;st:9000;\"\n\t\t\t\t\t\t\t\tstyle=\"z-index:6;font-family:'';\"\n\t\t\t\t\t\t\t> (intervenci\u00f3n), arcilla y pigmento, r\u00edo Guadalest,<br> Altea, 2015 \n\t\t\t\t\t\t\t<\/rs-layer><!--\n-->\t\t\t\t\t\t<\/rs-slide>\n\t\t\t\t\t\t<rs-slide style=\"position: absolute;\" data-key=\"rs-153\" data-title=\"Slide\" data-thumb=\"\/\/campusaltea.umh.es\/files\/2017\/02\/JOAN-LLOBELL-\u00bfSoy-yo-eres-T\u00fa-Instalaci\u00f3n-ramas-y-pigmento-Facultat-de-Belles-Arts-dAltea-2016-100x50.jpg\" data-anim=\"ms:600;\" data-in=\"o:0;\" data-out=\"a:false;\">\n\t\t\t\t\t\t\t<img src=\"\/\/campusaltea.umh.es\/wp-content\/plugins\/revslider\/public\/assets\/assets\/dummy.png\" alt=\"\" title=\"Juan Jos\u00e9 Llobell Andres\" class=\"rev-slidebg tp-rs-img rs-lazyload\" data-lazyload=\"\/\/campusaltea.umh.es\/files\/2017\/02\/JOAN-LLOBELL-\u00bfSoy-yo-eres-T\u00fa-Instalaci\u00f3n-ramas-y-pigmento-Facultat-de-Belles-Arts-dAltea-2016.jpg\" data-bg=\"f:contain;\" data-no-retina>\n<!--\n\t\t\t\t\t\t\t--><rs-layer\n\t\t\t\t\t\t\t\tid=\"slider-25-slide-153-layer-1\" \n\t\t\t\t\t\t\t\tdata-type=\"text\"\n\t\t\t\t\t\t\t\tdata-color=\"rgba(0,0,0,1)\"\n\t\t\t\t\t\t\t\tdata-rsp_ch=\"on\"\n\t\t\t\t\t\t\t\tdata-xy=\"x:20px;y:20px;\"\n\t\t\t\t\t\t\t\tdata-text=\"s:26;l:22;fw:600;\"\n\t\t\t\t\t\t\t\tdata-frame_0=\"tp:600;\"\n\t\t\t\t\t\t\t\tdata-frame_1=\"tp:600;e:power2.inOut;st:500;\"\n\t\t\t\t\t\t\t\tdata-frame_999=\"o:0;tp:600;e:nothing;st:9000;\"\n\t\t\t\t\t\t\t\tstyle=\"z-index:5;font-family:'';\"\n\t\t\t\t\t\t\t>\u00bfSoy yo, eres T\u00fa? \n\t\t\t\t\t\t\t<\/rs-layer><!--\n\n\t\t\t\t\t\t\t--><rs-layer\n\t\t\t\t\t\t\t\tid=\"slider-25-slide-153-layer-2\" \n\t\t\t\t\t\t\t\tdata-type=\"text\"\n\t\t\t\t\t\t\t\tdata-color=\"rgba(0,0,0,1)\"\n\t\t\t\t\t\t\t\tdata-rsp_ch=\"on\"\n\t\t\t\t\t\t\t\tdata-xy=\"x:20px;y:75px;\"\n\t\t\t\t\t\t\t\tdata-text=\"w:normal;s:22;l:22;\"\n\t\t\t\t\t\t\t\tdata-dim=\"w:325px;\"\n\t\t\t\t\t\t\t\tdata-frame_0=\"tp:600;\"\n\t\t\t\t\t\t\t\tdata-frame_1=\"tp:600;e:power2.inOut;st:500;\"\n\t\t\t\t\t\t\t\tdata-frame_999=\"o:0;tp:600;e:nothing;st:9000;\"\n\t\t\t\t\t\t\t\tstyle=\"z-index:6;font-family:'';\"\n\t\t\t\t\t\t\t>(Instalaci\u00f3n) ramas y pigmento, <br>Facultat de Belles Arts d'Altea, 2016 \n\t\t\t\t\t\t\t<\/rs-layer><!--\n-->\t\t\t\t\t\t<\/rs-slide>\n\t\t\t\t\t\t<rs-slide style=\"position: absolute;\" data-key=\"rs-151\" data-title=\"Slide\" data-thumb=\"\/\/campusaltea.umh.es\/files\/2020\/03\/Luz-de-mil-soles-intervenci\u00f3n-140-piezas-de-cera-La-Vila-Joisa-2018--100x50.jpg\" data-anim=\"ms:600;\" data-in=\"o:0;\" data-out=\"a:false;\">\n\t\t\t\t\t\t\t<img src=\"\/\/campusaltea.umh.es\/wp-content\/plugins\/revslider\/public\/assets\/assets\/dummy.png\" alt=\"\" title=\"Juan Jos\u00e9 Llobell Andres\" class=\"rev-slidebg tp-rs-img rs-lazyload\" data-lazyload=\"\/\/campusaltea.umh.es\/files\/2020\/03\/Luz-de-mil-soles-intervenci\u00f3n-140-piezas-de-cera-La-Vila-Joisa-2018-.jpg\" data-bg=\"f:contain;\" data-no-retina>\n<!--\n\t\t\t\t\t\t\t--><rs-layer\n\t\t\t\t\t\t\t\tid=\"slider-25-slide-151-layer-1\" \n\t\t\t\t\t\t\t\tdata-type=\"text\"\n\t\t\t\t\t\t\t\tdata-color=\"rgba(255,255,255,1)\"\n\t\t\t\t\t\t\t\tdata-rsp_ch=\"on\"\n\t\t\t\t\t\t\t\tdata-xy=\"x:933px;y:696px;\"\n\t\t\t\t\t\t\t\tdata-text=\"s:26;l:22;fw:600;\"\n\t\t\t\t\t\t\t\tdata-frame_0=\"tp:600;\"\n\t\t\t\t\t\t\t\tdata-frame_1=\"tp:600;e:power2.inOut;st:500;\"\n\t\t\t\t\t\t\t\tdata-frame_999=\"o:0;tp:600;e:nothing;st:9000;\"\n\t\t\t\t\t\t\t\tstyle=\"z-index:5;font-family:'';\"\n\t\t\t\t\t\t\t>Luz de mil soles \n\t\t\t\t\t\t\t<\/rs-layer><!--\n\n\t\t\t\t\t\t\t--><rs-layer\n\t\t\t\t\t\t\t\tid=\"slider-25-slide-151-layer-2\" \n\t\t\t\t\t\t\t\tdata-type=\"text\"\n\t\t\t\t\t\t\t\tdata-color=\"rgba(255,255,255,1)\"\n\t\t\t\t\t\t\t\tdata-rsp_ch=\"on\"\n\t\t\t\t\t\t\t\tdata-xy=\"x:933px;y:732px;\"\n\t\t\t\t\t\t\t\tdata-text=\"w:normal;s:22;l:22;\"\n\t\t\t\t\t\t\t\tdata-dim=\"w:201px;h:88px;\"\n\t\t\t\t\t\t\t\tdata-frame_0=\"tp:600;\"\n\t\t\t\t\t\t\t\tdata-frame_1=\"tp:600;e:power2.inOut;st:500;\"\n\t\t\t\t\t\t\t\tdata-frame_999=\"o:0;tp:600;e:nothing;st:9000;\"\n\t\t\t\t\t\t\t\tstyle=\"z-index:6;font-family:'';\"\n\t\t\t\t\t\t\t>(intervenci\u00f3n), <br>140 piezas de cera,<br> La Vila Joisa, 2018 \n\t\t\t\t\t\t\t<\/rs-layer><!--\n-->\t\t\t\t\t\t<\/rs-slide>\n\t\t\t\t\t\t<rs-slide style=\"position: absolute;\" data-key=\"rs-568\" data-title=\"Slide\" data-thumb=\"\/\/campusaltea.umh.es\/files\/2020\/03\/Como-el-\u00e1mbar-se-funde-con-el-almizcle-intervenci\u00f3n-arcilla-y-pigmento-La-Vila-Joisa-2018--100x50.jpg\" data-anim=\"ms:600;\" data-in=\"o:0;\" data-out=\"a:false;\">\n\t\t\t\t\t\t\t<img src=\"\/\/campusaltea.umh.es\/wp-content\/plugins\/revslider\/public\/assets\/assets\/dummy.png\" alt=\"\" title=\"Juan Jos\u00e9 Llobell Andres\" class=\"rev-slidebg tp-rs-img rs-lazyload\" data-lazyload=\"\/\/campusaltea.umh.es\/files\/2020\/03\/Como-el-\u00e1mbar-se-funde-con-el-almizcle-intervenci\u00f3n-arcilla-y-pigmento-La-Vila-Joisa-2018-.jpg\" data-bg=\"f:contain;\" data-no-retina>\n<!--\n\t\t\t\t\t\t\t--><rs-layer\n\t\t\t\t\t\t\t\tid=\"slider-25-slide-568-layer-1\" \n\t\t\t\t\t\t\t\tdata-type=\"text\"\n\t\t\t\t\t\t\t\tdata-color=\"rgba(255,255,255,1)\"\n\t\t\t\t\t\t\t\tdata-rsp_ch=\"on\"\n\t\t\t\t\t\t\t\tdata-xy=\"x:27px;y:689px;\"\n\t\t\t\t\t\t\t\tdata-text=\"s:26;l:22;fw:600;\"\n\t\t\t\t\t\t\t\tdata-frame_0=\"tp:600;\"\n\t\t\t\t\t\t\t\tdata-frame_1=\"tp:600;e:power2.inOut;st:500;\"\n\t\t\t\t\t\t\t\tdata-frame_999=\"o:0;tp:600;e:nothing;st:9000;\"\n\t\t\t\t\t\t\t\tstyle=\"z-index:5;font-family:'';\"\n\t\t\t\t\t\t\t>Como el \u00e1mbar se funde con el almizcle \n\t\t\t\t\t\t\t<\/rs-layer><!--\n\n\t\t\t\t\t\t\t--><rs-layer\n\t\t\t\t\t\t\t\tid=\"slider-25-slide-568-layer-2\" \n\t\t\t\t\t\t\t\tdata-type=\"text\"\n\t\t\t\t\t\t\t\tdata-color=\"rgba(255,255,255,1)\"\n\t\t\t\t\t\t\t\tdata-rsp_ch=\"on\"\n\t\t\t\t\t\t\t\tdata-xy=\"x:26px;y:717px;\"\n\t\t\t\t\t\t\t\tdata-text=\"w:normal;s:22;l:22;\"\n\t\t\t\t\t\t\t\tdata-dim=\"w:201px;h:88px;\"\n\t\t\t\t\t\t\t\tdata-frame_0=\"tp:600;\"\n\t\t\t\t\t\t\t\tdata-frame_1=\"tp:600;e:power2.inOut;st:500;\"\n\t\t\t\t\t\t\t\tdata-frame_999=\"o:0;tp:600;e:nothing;st:9000;\"\n\t\t\t\t\t\t\t\tstyle=\"z-index:6;font-family:'';\"\n\t\t\t\t\t\t\t>(intervenci\u00f3n), arcilla y pigmento, La Vila Joisa, 2018 \n\t\t\t\t\t\t\t<\/rs-layer><!--\n-->\t\t\t\t\t\t<\/rs-slide>\n\t\t\t\t\t\t<rs-slide style=\"position: absolute;\" data-key=\"rs-569\" data-title=\"Slide\" data-thumb=\"\/\/campusaltea.umh.es\/files\/2020\/03\/Holomovement-intervenci\u00f3n-detalle-papel-y-pan-de-oro-La-Vila-Joisa-2019--100x50.jpg\" data-anim=\"ms:600;\" data-in=\"o:0;\" data-out=\"a:false;\">\n\t\t\t\t\t\t\t<img src=\"\/\/campusaltea.umh.es\/wp-content\/plugins\/revslider\/public\/assets\/assets\/dummy.png\" alt=\"\" title=\"Juan Jos\u00e9 Llobell Andres\" class=\"rev-slidebg tp-rs-img rs-lazyload\" data-lazyload=\"\/\/campusaltea.umh.es\/files\/2020\/03\/Holomovement-intervenci\u00f3n-detalle-papel-y-pan-de-oro-La-Vila-Joisa-2019-.jpg\" data-bg=\"f:contain;\" data-no-retina>\n<!--\n\t\t\t\t\t\t\t--><rs-layer\n\t\t\t\t\t\t\t\tid=\"slider-25-slide-569-layer-1\" \n\t\t\t\t\t\t\t\tdata-type=\"text\"\n\t\t\t\t\t\t\t\tdata-color=\"rgba(255,255,255,1)\"\n\t\t\t\t\t\t\t\tdata-rsp_ch=\"on\"\n\t\t\t\t\t\t\t\tdata-xy=\"x:27px;y:689px;\"\n\t\t\t\t\t\t\t\tdata-text=\"s:26;l:22;fw:600;\"\n\t\t\t\t\t\t\t\tdata-frame_0=\"tp:600;\"\n\t\t\t\t\t\t\t\tdata-frame_1=\"tp:600;e:power2.inOut;st:500;\"\n\t\t\t\t\t\t\t\tdata-frame_999=\"o:0;tp:600;e:nothing;st:9000;\"\n\t\t\t\t\t\t\t\tstyle=\"z-index:5;font-family:'';\"\n\t\t\t\t\t\t\t>Holomovement \n\t\t\t\t\t\t\t<\/rs-layer><!--\n\n\t\t\t\t\t\t\t--><rs-layer\n\t\t\t\t\t\t\t\tid=\"slider-25-slide-569-layer-2\" \n\t\t\t\t\t\t\t\tdata-type=\"text\"\n\t\t\t\t\t\t\t\tdata-color=\"rgba(255,255,255,1)\"\n\t\t\t\t\t\t\t\tdata-rsp_ch=\"on\"\n\t\t\t\t\t\t\t\tdata-xy=\"x:26px;y:717px;\"\n\t\t\t\t\t\t\t\tdata-text=\"w:normal;s:22;l:22;\"\n\t\t\t\t\t\t\t\tdata-dim=\"w:201px;h:88px;\"\n\t\t\t\t\t\t\t\tdata-frame_0=\"tp:600;\"\n\t\t\t\t\t\t\t\tdata-frame_1=\"tp:600;e:power2.inOut;st:500;\"\n\t\t\t\t\t\t\t\tdata-frame_999=\"o:0;tp:600;e:nothing;st:9000;\"\n\t\t\t\t\t\t\t\tstyle=\"z-index:6;font-family:'';\"\n\t\t\t\t\t\t\t>(intervenci\u00f3n), papel y pan de oro, La Vila Joisa, 2019 \n\t\t\t\t\t\t\t<\/rs-layer><!--\n-->\t\t\t\t\t\t<\/rs-slide>\n\t\t\t\t\t\t<rs-slide style=\"position: absolute;\" data-key=\"rs-570\" data-title=\"Slide\" data-thumb=\"\/\/campusaltea.umh.es\/files\/2020\/03\/Holomovement-intervenci\u00f3n-papel-y-pan-de-oro-La-Vila-Joisa-2019--100x50.jpg\" data-anim=\"ms:600;\" data-in=\"o:0;\" data-out=\"a:false;\">\n\t\t\t\t\t\t\t<img src=\"\/\/campusaltea.umh.es\/wp-content\/plugins\/revslider\/public\/assets\/assets\/dummy.png\" alt=\"\" title=\"Juan Jos\u00e9 Llobell Andres\" class=\"rev-slidebg tp-rs-img rs-lazyload\" data-lazyload=\"\/\/campusaltea.umh.es\/files\/2020\/03\/Holomovement-intervenci\u00f3n-papel-y-pan-de-oro-La-Vila-Joisa-2019-.jpg\" data-bg=\"f:contain;\" data-no-retina>\n<!--\n\t\t\t\t\t\t\t--><rs-layer\n\t\t\t\t\t\t\t\tid=\"slider-25-slide-570-layer-1\" \n\t\t\t\t\t\t\t\tdata-type=\"text\"\n\t\t\t\t\t\t\t\tdata-color=\"rgba(255,255,255,1)\"\n\t\t\t\t\t\t\t\tdata-rsp_ch=\"on\"\n\t\t\t\t\t\t\t\tdata-xy=\"x:27px;y:741px;\"\n\t\t\t\t\t\t\t\tdata-text=\"s:26;l:22;fw:600;\"\n\t\t\t\t\t\t\t\tdata-frame_0=\"tp:600;\"\n\t\t\t\t\t\t\t\tdata-frame_1=\"tp:600;e:power2.inOut;st:500;\"\n\t\t\t\t\t\t\t\tdata-frame_999=\"o:0;tp:600;e:nothing;st:9000;\"\n\t\t\t\t\t\t\t\tstyle=\"z-index:5;font-family:'';\"\n\t\t\t\t\t\t\t>Holomovement \n\t\t\t\t\t\t\t<\/rs-layer><!--\n\n\t\t\t\t\t\t\t--><rs-layer\n\t\t\t\t\t\t\t\tid=\"slider-25-slide-570-layer-2\" \n\t\t\t\t\t\t\t\tdata-type=\"text\"\n\t\t\t\t\t\t\t\tdata-color=\"rgba(255,255,255,1)\"\n\t\t\t\t\t\t\t\tdata-rsp_ch=\"on\"\n\t\t\t\t\t\t\t\tdata-xy=\"x:26px;y:766px;\"\n\t\t\t\t\t\t\t\tdata-text=\"w:normal;s:22;l:22;\"\n\t\t\t\t\t\t\t\tdata-dim=\"w:201px;h:88px;\"\n\t\t\t\t\t\t\t\tdata-frame_0=\"tp:600;\"\n\t\t\t\t\t\t\t\tdata-frame_1=\"tp:600;e:power2.inOut;st:500;\"\n\t\t\t\t\t\t\t\tdata-frame_999=\"o:0;tp:600;e:nothing;st:9000;\"\n\t\t\t\t\t\t\t\tstyle=\"z-index:6;font-family:'';\"\n\t\t\t\t\t\t\t>(intervenci\u00f3n), papel y pan de oro, La Vila Joisa, 2019 \n\t\t\t\t\t\t\t<\/rs-layer><!--\n-->\t\t\t\t\t\t<\/rs-slide>\n\t\t\t\t\t<\/rs-slides>\n\t\t\t\t<\/rs-module>\n\t\t\t\t<script>\n\t\t\t\t\tsetREVStartSize({c: 'rev_slider_25_1',rl:[1240,1024,778,480],el:[],gw:[1240],gh:[868],type:'standard',justify:'',layout:'fullwidth',mh:\"0\"});if (window.RS_MODULES!==undefined && window.RS_MODULES.modules!==undefined && window.RS_MODULES.modules[\"revslider251\"]!==undefined) {window.RS_MODULES.modules[\"revslider251\"].once = false;window.revapi25 = undefined;if (window.RS_MODULES.checkMinimal!==undefined) window.RS_MODULES.checkMinimal()}\n\t\t\t\t<\/script>\n\t\t\t<\/rs-module-wrap>\n\t\t\t<!-- END REVOLUTION SLIDER -->\n<br \/>\n<\/div><div class=\"clear\"><\/div><\/p>","protected":false},"excerpt":{"rendered":"Juan Jos\u00e9 Llobell Andres Artista interdisciplinar, cuya obra se aproxima a una concepci\u00f3n espiritual de la experiencia art\u00edstica, en la que la introspecci\u00f3n, lo po\u00e9tico y lo simb\u00f3lico adquieren gran relevancia. Otro aspecto destacable en su\u00a0creaci\u00f3n art\u00edstica\u00a0es la conexi\u00f3n con la naturaleza, en la que se intuye una indisoluble unidad entre el ser humano y [...]","protected":false},"author":469,"featured_media":0,"parent":3949,"menu_order":0,"comment_status":"closed","ping_status":"open","template":"","meta":{"_links_to":"","_links_to_target":""},"_links":{"self":[{"href":"https:\/\/campusaltea.umh.es\/es\/wp-json\/wp\/v2\/pages\/4118"}],"collection":[{"href":"https:\/\/campusaltea.umh.es\/es\/wp-json\/wp\/v2\/pages"}],"about":[{"href":"https:\/\/campusaltea.umh.es\/es\/wp-json\/wp\/v2\/types\/page"}],"author":[{"embeddable":true,"href":"https:\/\/campusaltea.umh.es\/es\/wp-json\/wp\/v2\/users\/469"}],"replies":[{"embeddable":true,"href":"https:\/\/campusaltea.umh.es\/es\/wp-json\/wp\/v2\/comments?post=4118"}],"version-history":[{"count":0,"href":"https:\/\/campusaltea.umh.es\/es\/wp-json\/wp\/v2\/pages\/4118\/revisions"}],"up":[{"embeddable":true,"href":"https:\/\/campusaltea.umh.es\/es\/wp-json\/wp\/v2\/pages\/3949"}],"wp:attachment":[{"href":"https:\/\/campusaltea.umh.es\/es\/wp-json\/wp\/v2\/media?parent=4118"}],"curies":[{"name":"wp","href":"https:\/\/api.w.org\/{rel}","templated":true}]}}