{"id":4114,"date":"2016-10-16T15:04:53","date_gmt":"2016-10-16T15:04:53","guid":{"rendered":"http:\/\/campusaltea.umh.es\/?page_id=4114"},"modified":"2020-03-30T08:50:48","modified_gmt":"2020-03-30T08:50:48","slug":"jose-antonio-hinojos-morales","status":"publish","type":"page","link":"https:\/\/campusaltea.umh.es\/es\/profesores\/jose-antonio-hinojos-morales\/","title":{"rendered":"Jose Antonio Hinojos Morales"},"content":{"rendered":"<p><div  class=\"ut-one-half  \">\n<p><a href=\"http:\/\/campusaltea.umh.es\/files\/2016\/10\/J.A.Hinojos.jpg\"><img loading=\"lazy\" class=\" wp-image-4031 size-full alignleft\" src=\"http:\/\/campusaltea.umh.es\/files\/2016\/10\/J.A.Hinojos.jpg\" alt=\"\" width=\"750\" height=\"1000\" srcset=\"https:\/\/campusaltea.umh.es\/files\/2016\/10\/J.A.Hinojos.jpg 750w, https:\/\/campusaltea.umh.es\/files\/2016\/10\/J.A.Hinojos-225x300.jpg 225w\" sizes=\"(max-width: 750px) 100vw, 750px\" \/><\/a><\/p>\n<\/div>\n<div  class=\"ut-one-half ut-column-last  \">\n<h4>Jose Antonio Hinojos Morales<\/h4>\n<p>La mayor parte de su producci\u00f3n en su trayectoria como artista gira en torno a la figuraci\u00f3n y la expresi\u00f3n con medios pict\u00f3ricos y gr\u00e1ficos, alternando entre diversos modos y sistemas de plasmaci\u00f3n. En algunos de sus \u00faltimos proyectos art\u00edsticos pretende indagar acerca de la relaci\u00f3n entre determinados asuntos espirituales, filos\u00f3ficos y cient\u00edficos, a trav\u00e9s de la desmitificaci\u00f3n y el cuestionamiento de convencionales percepciones, prejuicios o hegem\u00f3nicos posicionamientos epistemol\u00f3gicos y culturales.<\/p>\n<p>Como investigador se encuentra interesado por el devenir contempor\u00e1neo de la pintura y lo pict\u00f3rico en general, desarrollando l\u00edneas de investigaci\u00f3n entorno a los m\u00e9todos y t\u00e9cnicas de captaci\u00f3n del rostro humano, centrando su enfoque principal en abordar la relaci\u00f3n entre los conceptos de naturaleza y cultura, canalizados a trav\u00e9s de la idea del paisaje como constructo cultural.<\/p>\n<\/div><div class=\"clear\"><\/div>\n<hr \/>\n<div  class=\"ut-one-half  \">\n<h5>Informaci\u00f3n adicional<\/h5>\n<div id=\"ut-accordion-parent-1\" class=\"ut-accordion\"><div class=\"ut-accordion-group\"> <div class=\"ut-accordion-heading \"><a data-parent=\"#ut-accordion-parent-1\" class=\"accordion-toggle collapsed \" data-toggle=\"collapse\" data-target=\"#accordion0\">Campos de Interes<\/a><\/div><div id=\"accordion0\" class=\"ut-accordion-body collapse\"><div class=\"ut-accordion-inner entry-content clearfix\">\n<ul>\n<li>Metodolog\u00edas, procesos y discursos pict\u00f3ricos.<\/li>\n<li>Paisaje, naturaleza y cultura.<\/li>\n<li>Estudio, expresi\u00f3n y representaci\u00f3n del rostro humano.<\/li>\n<li>Pintura mural, pintura expandida.<\/li>\n<li>Pensamiento y est\u00e9ticas decoloniales.<\/li>\n<\/ul>\n<\/div><\/div>\n<div id=\"ut-accordion-parent-2\" class=\"ut-accordion\"><div class=\"ut-accordion-group\"><\/div><\/div> <div class=\"ut-accordion-heading \"><a data-parent=\"#ut-accordion-parent-2\" class=\"accordion-toggle collapsed \" data-toggle=\"collapse\" data-target=\"#accordion1\">Estudios<\/a><\/div><div id=\"accordion1\" class=\"ut-accordion-body collapse\"><div class=\"ut-accordion-inner entry-content clearfix\">\n<ul>\n<li style=\"font-weight: 400;\"><span style=\"font-weight: 400;\">Doctor <\/span><span style=\"font-weight: 400;\">por la Universidad Miguel Hern\u00e1ndez de Elche, 2020.<\/span><\/li>\n<li style=\"font-weight: 400;\"><span style=\"font-weight: 400;\">M\u00e1ster Universitario en Formaci\u00f3n del profesorado ESO y Bachillerato, FP y ense\u00f1anzas de idiomas; Universidad Miguel Hern\u00e1ndez de Elche, 2013.<\/span><\/li>\n<li style=\"font-weight: 400;\"><span style=\"font-weight: 400;\">M\u00e1ster Universitario en Proyecto e Investigaci\u00f3n en Arte; Universidad Miguel Hern\u00e1ndez de Elche, 2016.<\/span><\/li>\n<li style=\"font-weight: 400;\"><span style=\"font-weight: 400;\">Licenciado en Bellas Artes por la Facultad de San Carlos de Valencia; Universidad Polit\u00e9cnica de Valencia, 2002.<\/span><\/li>\n<li style=\"font-weight: 400;\"><span style=\"font-weight: 400;\">Universidad Nacional Aut\u00f3noma de M\u00e9xico, 2001-2002<\/span><\/li>\n<li style=\"font-weight: 400;\"><span style=\"font-weight: 400;\">Anotati Scholi Kalon Technon de Atenas, 2000-2001<\/span><\/li>\n<\/ul>\n<\/div><\/div>\n<div id=\"ut-accordion-parent-3\" class=\"ut-accordion\"><div class=\"ut-accordion-group\"><\/div><\/div> <div class=\"ut-accordion-heading \"><a data-parent=\"#ut-accordion-parent-3\" class=\"accordion-toggle collapsed \" data-toggle=\"collapse\" data-target=\"#accordion2\">Tesis doctoral<\/a><\/div><div id=\"accordion2\" class=\"ut-accordion-body collapse\"><div class=\"ut-accordion-inner entry-content clearfix\">\n<p><i><span style=\"font-weight: 400;\">Los cert\u00e1menes de pintura r\u00e1pida en Espa\u00f1a, historia, organizaci\u00f3n y participaci\u00f3n. <\/span><\/i><span style=\"font-weight: 400;\">Universidad Miguel Hern\u00e1ndez de Elche, 2020, cum laude.<\/span><\/p>\n<\/div><\/div>\n<div id=\"ut-accordion-parent-4\" class=\"ut-accordion\"><div class=\"ut-accordion-group\"><\/div><\/div> <div class=\"ut-accordion-heading \"><a data-parent=\"#ut-accordion-parent-4\" class=\"accordion-toggle collapsed \" data-toggle=\"collapse\" data-target=\"#accordion3\">L\u00edneas de investigaci\u00f3n<\/a><\/div><div id=\"accordion3\" class=\"ut-accordion-body collapse\"><div class=\"ut-accordion-inner entry-content clearfix\">\n<ul>\n<li style=\"font-weight: 400;\"><span style=\"font-weight: 400;\">Lenguajes y procedimientos pict\u00f3ricos en el contexto contempor\u00e1neo.<\/span><\/li>\n<li style=\"font-weight: 400;\"><span style=\"font-weight: 400;\">Paisaje, naturaleza y cultura.<\/span><\/li>\n<li style=\"font-weight: 400;\"><span style=\"font-weight: 400;\">El retrato a trav\u00e9s del arte.<\/span><\/li>\n<li style=\"font-weight: 400;\"><span style=\"font-weight: 400;\">Arqueolog\u00eda de los medios y pr\u00e1ctica art\u00edstica<\/span><\/li>\n<\/ul>\n<\/div><\/div>\n<div id=\"ut-accordion-parent-5\" class=\"ut-accordion\"><div class=\"ut-accordion-group\"><\/div><\/div> <div class=\"ut-accordion-heading \"><a data-parent=\"#ut-accordion-parent-5\" class=\"accordion-toggle collapsed \" data-toggle=\"collapse\" data-target=\"#accordion4\">Enlace a web personal<\/a><\/div><div id=\"accordion4\" class=\"ut-accordion-body collapse\"><div class=\"ut-accordion-inner entry-content clearfix\">\n<ul>\n<li><a href=\"http:\/\/www.joseantoniohinojos.com\/\">http:\/\/www.joseantoniohinojos.com\/<\/a><\/li>\n<li><a href=\"http:\/\/jhinojos.edu.umh.es\/\">http:\/\/jhinojos.edu.umh.es\/<\/a><\/li>\n<\/ul>\n<\/div><\/div>\n<div id=\"ut-accordion-parent-6\" class=\"ut-accordion\"><div class=\"ut-accordion-group\"><\/div><\/div> <div class=\"ut-accordion-heading \"><a data-parent=\"#ut-accordion-parent-6\" class=\"accordion-toggle collapsed \" data-toggle=\"collapse\" data-target=\"#accordion5\">Exposiciones individuales<\/a><\/div><div id=\"accordion5\" class=\"ut-accordion-body collapse\"><div class=\"ut-accordion-inner entry-content clearfix\">\n<ul>\n<li style=\"font-weight: 400;\"><i><span style=\"font-weight: 400;\">Landscapes from nowhere.<\/span><\/i><span style=\"font-weight: 400;\"> , Casa Bard\u00edn. Instituto Alicantino de Cultura Juan Gil-Albert. Alicante. 2019, Comisario: Iv\u00e1n Albalate, cat\u00e1logo.<\/span><\/li>\n<li style=\"font-weight: 400;\"><i><span style=\"font-weight: 400;\">Est\u00edmulo.<\/span><\/i><span style=\"font-weight: 400;\"> Sala Ram\u00f3n de Soto, Fundaci\u00f3n Frax. El Albir. Alfas del Pi (Alicante). 2018, Comisario: Sergio Luna, cat\u00e1logo.<\/span><\/li>\n<li style=\"font-weight: 400;\"><i><span style=\"font-weight: 400;\">Axis Mundi.<\/span><\/i><span style=\"font-weight: 400;\"> Centro de Arte Taller de Ivars, Benissa (Alicante) 2017, comisario: Jos\u00e9 Vicente Mart\u00edn Martinez, cat\u00e1logo.<\/span><\/li>\n<li style=\"font-weight: 400;\"><i><span style=\"font-weight: 400;\">El paradigma islamof\u00f3bico<\/span><\/i><span style=\"font-weight: 400;\">. Fundaci\u00f3n Frax, L\u00b4Alf\u00e1s del Pi (Alicante) 2015, comisario: Iv\u00e1n Albalate.<\/span><\/li>\n<li style=\"font-weight: 400;\"><i><span style=\"font-weight: 400;\">\u0627\u0644\u062c\u0628\u0627\u0644 \/ Yibal \/ Monta\u00f1as<\/span><\/i><span style=\"font-weight: 400;\">. Sala Pablo Lau, Sant Joan d\u00b4Alacant (Alicante) 2014.<\/span><\/li>\n<\/ul>\n<\/div><\/div>\n<div id=\"ut-accordion-parent-7\" class=\"ut-accordion\"><div class=\"ut-accordion-group\"><\/div><\/div> <div class=\"ut-accordion-heading \"><a data-parent=\"#ut-accordion-parent-7\" class=\"accordion-toggle collapsed \" data-toggle=\"collapse\" data-target=\"#accordion6\">Exposiciones colectivas<\/a><\/div><div id=\"accordion6\" class=\"ut-accordion-body collapse\"><div class=\"ut-accordion-inner entry-content clearfix\">\n<ul>\n<li style=\"font-weight: 400;\"><i><span style=\"font-weight: 400;\">Zinc.<\/span><\/i><span style=\"font-weight: 400;\"> Sala Llevant del Auditori i Centre Cultural de la Mediterr\u00e1nia, La Nuc\u00eda (Alicante), 2016, comisarios: Iv\u00e1n Albalate y Sergio Luna.<\/span><\/li>\n<li style=\"font-weight: 400;\"><i><span style=\"font-weight: 400;\">&#8211; ES -, + ES -, &#8211; ES +, + ES +. <\/span><\/i><span style=\"font-weight: 400;\">Fundaci\u00f3n Frax. Alfaz del Pi (Alicante), 2016, comisario: Jos\u00e9 Maldonado, cat\u00e1logo.<\/span><\/li>\n<li style=\"font-weight: 400;\"><i><span style=\"font-weight: 400;\">18 casos cl\u00ednicos. <\/span><\/i><span style=\"font-weight: 400;\">Las Cigarreras. Alicante, 2015, comisario: Javier Guardiola, cat\u00e1logo.<\/span><\/li>\n<li style=\"font-weight: 400;\"><i><span style=\"font-weight: 400;\">\u00d3ptica recreativa, <\/span><\/i><span style=\"font-weight: 400;\">Sala Don Pedro la Barber\u00e1, Vilajoyosa (Alicante), 2015.<\/span><\/li>\n<li style=\"font-weight: 400;\"><i><span style=\"font-weight: 400;\">Quince<\/span><\/i><span style=\"font-weight: 400;\">, Hotel la Serena, Altea (Alicante), 2015, comisario: Jos\u00e9 Manuel \u00c1lvarez Enjuto.<\/span><\/li>\n<li style=\"font-weight: 400;\"><i><span style=\"font-weight: 400;\">Exposici\u00f3n de J\u00f3venes Artistas. Antolog\u00eda 1999-2003<\/span><\/i><span style=\"font-weight: 400;\">, Castillo de Santa Catalina. C\u00e1diz 2005, cat\u00e1logo.<\/span><\/li>\n<li style=\"font-weight: 400;\"><i><span style=\"font-weight: 400;\">Artistas de la Plat<\/span><\/i><span style=\"font-weight: 400;\">a. Museo Guillermo Spratling. Taxco de Alarc\u00f3n, M\u00e9xico, 2002, comisario: Ren\u00e9 Contreras, cat\u00e1logo.<\/span><\/li>\n<li style=\"font-weight: 400;\"><i><span style=\"font-weight: 400;\">Homenaje a Juan Ruiz de Alarc\u00f3n. <\/span><\/i><span style=\"font-weight: 400;\">Museo Guillermo Spratling.<\/span> <span style=\"font-weight: 400;\">Taxco de Alarc\u00f3n, M\u00e9xico, 2002, comisario: Ren\u00e9 Contreras, cat\u00e1logo.<\/span><\/li>\n<li style=\"font-weight: 400;\"><i><span style=\"font-weight: 400;\">Desapariciones, enigma e identidad. <\/span><\/i><span style=\"font-weight: 400;\">Sala Josep Renau, Valencia, 2001, cat\u00e1logo.<\/span><\/li>\n<li style=\"font-weight: 400;\"><i><span style=\"font-weight: 400;\">Evoluciones. <\/span><\/i><span style=\"font-weight: 400;\">Sala Micalet, Valencia, 2000, comisario: Jos\u00e9 Saborit, cat\u00e1logo.<\/span<\/li>\n<\/ul>\n<\/div><\/div>\n<div id=\"ut-accordion-parent-8\" class=\"ut-accordion\"><div class=\"ut-accordion-group\"><\/div><\/div> <div class=\"ut-accordion-heading \"><a data-parent=\"#ut-accordion-parent-8\" class=\"accordion-toggle collapsed \" data-toggle=\"collapse\" data-target=\"#accordion7\">Comisariados<\/a><\/div><div id=\"accordion7\" class=\"ut-accordion-body collapse\"><div class=\"ut-accordion-inner entry-content clearfix\">\n<ul>\n<li><em>V Residencia Art\u00edstica Altea, <\/em>Casa de la Cultura de Altea, Alicante, 2018, cat\u00e1logo.<\/li>\n<li><em>IV Beca-Residencia Paisaje Altea, <\/em>Palau de Altea Centre D\u2019Arts, Altea, Alicante, 2017, cat\u00e1logo.<\/li>\n<li><em>Color Carne<\/em>, espacio expositivo Lacantina, Altea, Alicante, 2016.<\/li>\n<li><em>III Beca Residencia Paisaje Altea, <\/em>Fundaci\u00f3n Eberhard Schlotter, Altea, Alicante, 2016, cat\u00e1logo.<\/li>\n<li><em> Iv\u00e1n Albalate<\/em>, Fundaci\u00f3n Frax, Alfaz del Pi, Alicante, 2015.<\/li>\n<li><em>II Beca de paisaje Altea<\/em>, Fundaci\u00f3n Eberhard Schlotter, Altea, Alicante, 2015, cat\u00e1logo.<\/li>\n<li><em>I Beca de paisaje Altea<\/em>, espacio expositivo Lacantina, Altea, Alicante, 2014, cat\u00e1logo.<\/li>\n<\/ul>\n<\/div><\/div>\n<div id=\"ut-accordion-parent-9\" class=\"ut-accordion\"><div class=\"ut-accordion-group\"><\/div><\/div> <div class=\"ut-accordion-heading \"><a data-parent=\"#ut-accordion-parent-9\" class=\"accordion-toggle collapsed \" data-toggle=\"collapse\" data-target=\"#accordion8\">Premios y Becas<\/a><\/div><div id=\"accordion8\" class=\"ut-accordion-body collapse\"><div class=\"ut-accordion-inner entry-content clearfix\">\n<ul>\n<li style=\"font-weight: 400;\"><span style=\"font-weight: 400;\">Segundo puesto. <\/span><i><span style=\"font-weight: 400;\">VIII Certamen Internacional de Pintura \u2018Miradas 2018\u2019<\/span><\/i><span style=\"font-weight: 400;\">, Chicago (USA),<\/span><i><span style=\"font-weight: 400;\"> 2018.<\/span><\/i><\/li>\n<li style=\"font-weight: 400;\"><span style=\"font-weight: 400;\">Segundo Premio<\/span><i><span style=\"font-weight: 400;\"> XIX Premio de pintura Pastor Calpena, <\/span><\/i><span style=\"font-weight: 400;\">Aspe (Alicante), 2015.<\/span><\/li>\n<li style=\"font-weight: 400;\"><span style=\"font-weight: 400;\">Primer Premio<\/span><i><span style=\"font-weight: 400;\"> XLVI Certamen Nacional de Pintura Vila de Sant Joan d\u00b4Alacant, <\/span><\/i><span style=\"font-weight: 400;\">Sant Joan d\u00b4Alacant (Alicante), 2013.<\/span><\/li>\n<li style=\"font-weight: 400;\"><span style=\"font-weight: 400;\">Primer Premio<\/span><i><span style=\"font-weight: 400;\"> III Certamen Nacional de Pintura No al Miedo, <\/span><\/i><span style=\"font-weight: 400;\">La Nuc\u00eda (Alicante), 2013.<\/span><\/li>\n<li style=\"font-weight: 400;\"><span style=\"font-weight: 400;\">Tercer Premio <\/span><i><span style=\"font-weight: 400;\">XVII Concurso Nacional de Pintura Ciudad de Antequera,<\/span><\/i><span style=\"font-weight: 400;\"> Antequera (M\u00e1laga), 2013.<\/span><\/li>\n<li style=\"font-weight: 400;\"><span style=\"font-weight: 400;\">Tercer premio de escultura<\/span><i><span style=\"font-weight: 400;\"> XII Certamen Nacional Fernando Qui\u00f1ones, <\/span><\/i><span style=\"font-weight: 400;\">C\u00e1diz, 2011.<\/span><\/li>\n<li style=\"font-weight: 400;\"><i><span style=\"font-weight: 400;\">Beca de paisaje Pintores del Palacio de Quintanar, <\/span><\/i><span style=\"font-weight: 400;\">Segovia, 1999.<\/span><\/li>\n<\/ul>\n<\/div><\/div>\n<div id=\"ut-accordion-parent-10\" class=\"ut-accordion\"><div class=\"ut-accordion-group\"><\/div><\/div> <div class=\"ut-accordion-heading \"><a data-parent=\"#ut-accordion-parent-10\" class=\"accordion-toggle collapsed \" data-toggle=\"collapse\" data-target=\"#accordion9\">Obra en colecciones de arte<\/a><\/div><div id=\"accordion9\" class=\"ut-accordion-body collapse\"><div class=\"ut-accordion-inner entry-content clearfix\">\n<ul>\n<li>Universidad Polit\u00e9cnica de Valencia.<\/li>\n<li>Museo Guillermo Spratling, Taxco de Alarc\u00f3n (M\u00e9xico).<\/li>\n<li>Fundaci\u00f3n Frax, Alfaz del Pi, Alicante.<\/li>\n<li>Ayuntamiento de Aspe, Alicante.<\/li>\n<li>Ayuntamiento de San Juan de Alicante.<\/li>\n<li>Ayuntamiento de La Nuc\u00eda, Alicante.<\/li>\n<li>Ayuntamiento de Ubrique, C\u00e1diz.<\/li>\n<li>Ayuntamiento de C\u00e1diz.<\/li>\n<li>Ayuntamiento de Godella, Valencia.<\/li>\n<li>Comunidad de Propietarios del Pol\u00edgono Industrial de Antequera, M\u00e1laga.<\/li>\n<li>Diputaci\u00f3n de Segovia.<\/li>\n<\/ul>\n<\/div><\/div>\n<div id=\"ut-accordion-parent-11\" class=\"ut-accordion\"><div class=\"ut-accordion-group\"><\/div><\/div> <div class=\"ut-accordion-heading \"><a data-parent=\"#ut-accordion-parent-11\" class=\"accordion-toggle collapsed \" data-toggle=\"collapse\" data-target=\"#accordion10\">Otros<\/a><\/div><div id=\"accordion10\" class=\"ut-accordion-body collapse\"><div class=\"ut-accordion-inner entry-content clearfix\">\n<ul>\n<li>Coordinaci\u00f3n y direcci\u00f3n de la Residencia Art\u00edstica Altea.<\/li>\n<\/ul>\n<\/div><\/div>\n<\/div><\/div>\n<\/div>\n<div  class=\"ut-one-half ut-column-last  \">\n<p>\n\t\t\t<!-- START himojos REVOLUTION SLIDER 6.5.14 --><p class=\"rs-p-wp-fix\"><\/p>\n\t\t\t<rs-module-wrap id=\"rev_slider_36_1_wrapper\" data-source=\"gallery\" style=\"visibility:hidden;background:transparent;padding:0;margin:0px auto;margin-top:0;margin-bottom:0;\">\n\t\t\t\t<rs-module id=\"rev_slider_36_1\" style=\"\" data-version=\"6.5.14\">\n\t\t\t\t\t<rs-slides>\n\t\t\t\t\t\t<rs-slide style=\"position: absolute;\" data-key=\"rs-282\" data-title=\"Slide\" data-thumb=\"\/\/campusaltea.umh.es\/files\/2017\/02\/11-100x50.jpg\" data-anim=\"ms:600;\" data-in=\"o:0;\" data-out=\"a:false;\">\n\t\t\t\t\t\t\t<img src=\"\/\/campusaltea.umh.es\/wp-content\/plugins\/revslider\/public\/assets\/assets\/dummy.png\" alt=\"\" title=\"Jose Antonio Hinojos Morales\" class=\"rev-slidebg tp-rs-img rs-lazyload\" data-lazyload=\"\/\/campusaltea.umh.es\/files\/2017\/02\/11.jpg\" data-bg=\"f:contain;\" data-no-retina>\n<!--\n\t\t\t\t\t\t\t--><rs-layer\n\t\t\t\t\t\t\t\tid=\"slider-36-slide-282-layer-1\" \n\t\t\t\t\t\t\t\tdata-type=\"text\"\n\t\t\t\t\t\t\t\tdata-color=\"rgba(0,0,0,1)\"\n\t\t\t\t\t\t\t\tdata-rsp_ch=\"on\"\n\t\t\t\t\t\t\t\tdata-xy=\"x:20px;y:20px;\"\n\t\t\t\t\t\t\t\tdata-text=\"s:26;l:22;fw:600;\"\n\t\t\t\t\t\t\t\tdata-frame_0=\"tp:600;\"\n\t\t\t\t\t\t\t\tdata-frame_1=\"tp:600;e:power2.inOut;st:500;\"\n\t\t\t\t\t\t\t\tdata-frame_999=\"o:0;tp:600;e:nothing;st:w;\"\n\t\t\t\t\t\t\t\tstyle=\"z-index:5;font-family:'';\"\n\t\t\t\t\t\t\t>Al \u00b4Ali - El Alt\u00edsimo \n\t\t\t\t\t\t\t<\/rs-layer><!--\n\n\t\t\t\t\t\t\t--><rs-layer\n\t\t\t\t\t\t\t\tid=\"slider-36-slide-282-layer-2\" \n\t\t\t\t\t\t\t\tdata-type=\"text\"\n\t\t\t\t\t\t\t\tdata-color=\"rgba(0,0,0,1)\"\n\t\t\t\t\t\t\t\tdata-rsp_ch=\"on\"\n\t\t\t\t\t\t\t\tdata-xy=\"x:20px;y:60px;\"\n\t\t\t\t\t\t\t\tdata-text=\"w:normal;s:24;l:22;\"\n\t\t\t\t\t\t\t\tdata-dim=\"w:200px;h:23px;\"\n\t\t\t\t\t\t\t\tdata-frame_0=\"tp:600;\"\n\t\t\t\t\t\t\t\tdata-frame_1=\"tp:600;e:power2.inOut;st:500;\"\n\t\t\t\t\t\t\t\tdata-frame_999=\"o:0;tp:600;e:nothing;st:w;\"\n\t\t\t\t\t\t\t\tstyle=\"z-index:6;font-family:'';\"\n\t\t\t\t\t\t\t>\u00d3leo sobre tabla  110x150cm 2014 \n\t\t\t\t\t\t\t<\/rs-layer><!--\n-->\t\t\t\t\t\t<\/rs-slide>\n\t\t\t\t\t\t<rs-slide style=\"position: absolute;\" data-key=\"rs-283\" data-title=\"Slide\" data-thumb=\"\/\/campusaltea.umh.es\/files\/2017\/02\/21-100x50.jpg\" data-anim=\"ms:600;\" data-in=\"o:0;\" data-out=\"a:false;\">\n\t\t\t\t\t\t\t<img src=\"\/\/campusaltea.umh.es\/wp-content\/plugins\/revslider\/public\/assets\/assets\/dummy.png\" alt=\"\" title=\"Jose Antonio Hinojos Morales\" class=\"rev-slidebg tp-rs-img rs-lazyload\" data-lazyload=\"\/\/campusaltea.umh.es\/files\/2017\/02\/21.jpg\" data-bg=\"f:contain;\" data-no-retina>\n<!--\n\t\t\t\t\t\t\t--><rs-layer\n\t\t\t\t\t\t\t\tid=\"slider-36-slide-283-layer-1\" \n\t\t\t\t\t\t\t\tdata-type=\"text\"\n\t\t\t\t\t\t\t\tdata-color=\"rgba(0,0,0,1)\"\n\t\t\t\t\t\t\t\tdata-rsp_ch=\"on\"\n\t\t\t\t\t\t\t\tdata-xy=\"x:20px;y:20px;\"\n\t\t\t\t\t\t\t\tdata-text=\"s:26;l:22;fw:600;\"\n\t\t\t\t\t\t\t\tdata-frame_0=\"tp:600;\"\n\t\t\t\t\t\t\t\tdata-frame_1=\"tp:600;e:power2.inOut;st:500;\"\n\t\t\t\t\t\t\t\tdata-frame_999=\"o:0;tp:600;e:nothing;st:w;\"\n\t\t\t\t\t\t\t\tstyle=\"z-index:5;font-family:'';\"\n\t\t\t\t\t\t\t>Al Hafiz - El Protector \n\t\t\t\t\t\t\t<\/rs-layer><!--\n\n\t\t\t\t\t\t\t--><rs-layer\n\t\t\t\t\t\t\t\tid=\"slider-36-slide-283-layer-2\" \n\t\t\t\t\t\t\t\tdata-type=\"text\"\n\t\t\t\t\t\t\t\tdata-color=\"rgba(0,0,0,1)\"\n\t\t\t\t\t\t\t\tdata-rsp_ch=\"on\"\n\t\t\t\t\t\t\t\tdata-xy=\"x:20px;y:60px;\"\n\t\t\t\t\t\t\t\tdata-text=\"w:normal;s:24;l:22;\"\n\t\t\t\t\t\t\t\tdata-dim=\"w:204px;h:23px;\"\n\t\t\t\t\t\t\t\tdata-frame_0=\"tp:600;\"\n\t\t\t\t\t\t\t\tdata-frame_1=\"tp:600;e:power2.inOut;st:500;\"\n\t\t\t\t\t\t\t\tdata-frame_999=\"o:0;tp:600;e:nothing;st:w;\"\n\t\t\t\t\t\t\t\tstyle=\"z-index:6;font-family:'';\"\n\t\t\t\t\t\t\t>\u00d3leo sobre tabla  90x195cm 2014 \n\t\t\t\t\t\t\t<\/rs-layer><!--\n-->\t\t\t\t\t\t<\/rs-slide>\n\t\t\t\t\t\t<rs-slide style=\"position: absolute;\" data-key=\"rs-284\" data-title=\"Slide\" data-thumb=\"\/\/campusaltea.umh.es\/files\/2017\/02\/31-100x50.jpg\" data-anim=\"ms:600;\" data-in=\"o:0;\" data-out=\"a:false;\">\n\t\t\t\t\t\t\t<img src=\"\/\/campusaltea.umh.es\/wp-content\/plugins\/revslider\/public\/assets\/assets\/dummy.png\" alt=\"\" title=\"Jose Antonio Hinojos Morales\" class=\"rev-slidebg tp-rs-img rs-lazyload\" data-lazyload=\"\/\/campusaltea.umh.es\/files\/2017\/02\/31.jpg\" data-bg=\"f:contain;\" data-no-retina>\n<!--\n\t\t\t\t\t\t\t--><rs-layer\n\t\t\t\t\t\t\t\tid=\"slider-36-slide-284-layer-1\" \n\t\t\t\t\t\t\t\tdata-type=\"text\"\n\t\t\t\t\t\t\t\tdata-color=\"rgba(0,0,0,1)\"\n\t\t\t\t\t\t\t\tdata-rsp_ch=\"on\"\n\t\t\t\t\t\t\t\tdata-xy=\"x:20px;y:40px;\"\n\t\t\t\t\t\t\t\tdata-text=\"s:26;l:20;fw:600;\"\n\t\t\t\t\t\t\t\tdata-frame_0=\"tp:600;\"\n\t\t\t\t\t\t\t\tdata-frame_1=\"tp:600;e:power2.inOut;st:500;\"\n\t\t\t\t\t\t\t\tdata-frame_999=\"o:0;tp:600;e:nothing;st:w;\"\n\t\t\t\t\t\t\t\tstyle=\"z-index:5;font-family:'';\"\n\t\t\t\t\t\t\t>Al Jam\u00b4i - El Unificador \n\t\t\t\t\t\t\t<\/rs-layer><!--\n\n\t\t\t\t\t\t\t--><rs-layer\n\t\t\t\t\t\t\t\tid=\"slider-36-slide-284-layer-2\" \n\t\t\t\t\t\t\t\tdata-type=\"text\"\n\t\t\t\t\t\t\t\tdata-color=\"rgba(0,0,0,1)\"\n\t\t\t\t\t\t\t\tdata-rsp_ch=\"on\"\n\t\t\t\t\t\t\t\tdata-xy=\"x:20px;y:80px;\"\n\t\t\t\t\t\t\t\tdata-text=\"w:normal;s:24;l:22;fw:600;\"\n\t\t\t\t\t\t\t\tdata-dim=\"w:208px;h:23px;\"\n\t\t\t\t\t\t\t\tdata-frame_0=\"tp:600;\"\n\t\t\t\t\t\t\t\tdata-frame_1=\"tp:600;e:power2.inOut;st:500;\"\n\t\t\t\t\t\t\t\tdata-frame_999=\"o:0;tp:600;e:nothing;st:w;\"\n\t\t\t\t\t\t\t\tstyle=\"z-index:6;font-family:'';\"\n\t\t\t\t\t\t\t>\u00d3leo sobre tabla  110x150cm 2014  \n\t\t\t\t\t\t\t<\/rs-layer><!--\n-->\t\t\t\t\t\t<\/rs-slide>\n\t\t\t\t\t\t<rs-slide style=\"position: absolute;\" data-key=\"rs-285\" data-title=\"Slide\" data-thumb=\"\/\/campusaltea.umh.es\/files\/2017\/02\/41-100x50.jpg\" data-anim=\"ms:600;\" data-in=\"o:0;\" data-out=\"a:false;\">\n\t\t\t\t\t\t\t<img src=\"\/\/campusaltea.umh.es\/wp-content\/plugins\/revslider\/public\/assets\/assets\/dummy.png\" alt=\"\" title=\"Jose Antonio Hinojos Morales\" class=\"rev-slidebg tp-rs-img rs-lazyload\" data-lazyload=\"\/\/campusaltea.umh.es\/files\/2017\/02\/41.jpg\" data-bg=\"f:contain;\" data-no-retina>\n<!--\n\t\t\t\t\t\t\t--><rs-layer\n\t\t\t\t\t\t\t\tid=\"slider-36-slide-285-layer-1\" \n\t\t\t\t\t\t\t\tdata-type=\"text\"\n\t\t\t\t\t\t\t\tdata-color=\"rgba(0,0,0,1)\"\n\t\t\t\t\t\t\t\tdata-rsp_ch=\"on\"\n\t\t\t\t\t\t\t\tdata-xy=\"x:30px;y:20px;\"\n\t\t\t\t\t\t\t\tdata-text=\"s:26;l:22;fw:600;\"\n\t\t\t\t\t\t\t\tdata-frame_0=\"tp:600;\"\n\t\t\t\t\t\t\t\tdata-frame_1=\"tp:600;e:power2.inOut;st:500;\"\n\t\t\t\t\t\t\t\tdata-frame_999=\"o:0;tp:600;e:nothing;st:w;\"\n\t\t\t\t\t\t\t\tstyle=\"z-index:5;font-family:'';\"\n\t\t\t\t\t\t\t>Al Malik - El Rey \n\t\t\t\t\t\t\t<\/rs-layer><!--\n\n\t\t\t\t\t\t\t--><rs-layer\n\t\t\t\t\t\t\t\tid=\"slider-36-slide-285-layer-2\" \n\t\t\t\t\t\t\t\tdata-type=\"text\"\n\t\t\t\t\t\t\t\tdata-color=\"rgba(0,0,0,1)\"\n\t\t\t\t\t\t\t\tdata-rsp_ch=\"on\"\n\t\t\t\t\t\t\t\tdata-xy=\"x:20px;y:50px;\"\n\t\t\t\t\t\t\t\tdata-text=\"w:normal;s:24;l:22;\"\n\t\t\t\t\t\t\t\tdata-dim=\"w:217px;h:23px;\"\n\t\t\t\t\t\t\t\tdata-frame_0=\"tp:600;\"\n\t\t\t\t\t\t\t\tdata-frame_1=\"tp:600;e:power2.inOut;st:500;\"\n\t\t\t\t\t\t\t\tdata-frame_999=\"o:0;tp:600;e:nothing;st:w;\"\n\t\t\t\t\t\t\t\tstyle=\"z-index:6;font-family:'';\"\n\t\t\t\t\t\t\t>\u00d3leo sobre tabla  110x150cm 2014  \n\t\t\t\t\t\t\t<\/rs-layer><!--\n-->\t\t\t\t\t\t<\/rs-slide>\n\t\t\t\t\t\t<rs-slide style=\"position: absolute;\" data-key=\"rs-286\" data-title=\"Slide\" data-thumb=\"\/\/campusaltea.umh.es\/files\/2017\/02\/51-100x50.jpg\" data-anim=\"ms:600;\" data-in=\"o:0;\" data-out=\"a:false;\">\n\t\t\t\t\t\t\t<img src=\"\/\/campusaltea.umh.es\/wp-content\/plugins\/revslider\/public\/assets\/assets\/dummy.png\" alt=\"\" title=\"Jose Antonio Hinojos Morales\" class=\"rev-slidebg tp-rs-img rs-lazyload\" data-lazyload=\"\/\/campusaltea.umh.es\/files\/2017\/02\/51.jpg\" data-bg=\"f:contain;\" data-no-retina>\n<!--\n\t\t\t\t\t\t\t--><rs-layer\n\t\t\t\t\t\t\t\tid=\"slider-36-slide-286-layer-1\" \n\t\t\t\t\t\t\t\tdata-type=\"text\"\n\t\t\t\t\t\t\t\tdata-color=\"rgba(255,255,255,1)\"\n\t\t\t\t\t\t\t\tdata-rsp_ch=\"on\"\n\t\t\t\t\t\t\t\tdata-xy=\"x:20px;y:40px;\"\n\t\t\t\t\t\t\t\tdata-text=\"s:26;l:22;fw:600;\"\n\t\t\t\t\t\t\t\tdata-frame_0=\"tp:600;\"\n\t\t\t\t\t\t\t\tdata-frame_1=\"tp:600;e:power2.inOut;st:500;\"\n\t\t\t\t\t\t\t\tdata-frame_999=\"o:0;tp:600;e:nothing;st:w;\"\n\t\t\t\t\t\t\t\tstyle=\"z-index:5;font-family:'';\"\n\t\t\t\t\t\t\t>Al Qudd\u00fas - El M\u00e1s Puro \n\t\t\t\t\t\t\t<\/rs-layer><!--\n\n\t\t\t\t\t\t\t--><rs-layer\n\t\t\t\t\t\t\t\tid=\"slider-36-slide-286-layer-2\" \n\t\t\t\t\t\t\t\tdata-type=\"text\"\n\t\t\t\t\t\t\t\tdata-color=\"rgba(255,255,255,1)\"\n\t\t\t\t\t\t\t\tdata-rsp_ch=\"on\"\n\t\t\t\t\t\t\t\tdata-xy=\"x:20px;y:80px;\"\n\t\t\t\t\t\t\t\tdata-text=\"s:24;l:22;\"\n\t\t\t\t\t\t\t\tdata-frame_0=\"tp:600;\"\n\t\t\t\t\t\t\t\tdata-frame_1=\"tp:600;e:power2.inOut;st:500;\"\n\t\t\t\t\t\t\t\tdata-frame_999=\"o:0;tp:600;e:nothing;st:w;\"\n\t\t\t\t\t\t\t\tstyle=\"z-index:6;font-family:'';\"\n\t\t\t\t\t\t\t>\u00d3leo sobre tabla  110x150cm 2014 \n\t\t\t\t\t\t\t<\/rs-layer><!--\n-->\t\t\t\t\t\t<\/rs-slide>\n\t\t\t\t\t\t<rs-slide style=\"position: absolute;\" data-key=\"rs-287\" data-title=\"Slide\" data-thumb=\"\/\/campusaltea.umh.es\/files\/2017\/02\/61-e1486555376660-100x50.jpg\" data-anim=\"ms:600;\" data-in=\"o:0;\" data-out=\"a:false;\">\n\t\t\t\t\t\t\t<img src=\"\/\/campusaltea.umh.es\/wp-content\/plugins\/revslider\/public\/assets\/assets\/dummy.png\" alt=\"\" title=\"Jose Antonio Hinojos Morales\" class=\"rev-slidebg tp-rs-img rs-lazyload\" data-lazyload=\"\/\/campusaltea.umh.es\/files\/2017\/02\/61-e1486555376660.jpg\" data-bg=\"f:contain;\" data-no-retina>\n<!--\n\t\t\t\t\t\t\t--><rs-layer\n\t\t\t\t\t\t\t\tid=\"slider-36-slide-287-layer-1\" \n\t\t\t\t\t\t\t\tdata-type=\"text\"\n\t\t\t\t\t\t\t\tdata-color=\"rgba(255,255,255,1)\"\n\t\t\t\t\t\t\t\tdata-rsp_ch=\"on\"\n\t\t\t\t\t\t\t\tdata-xy=\"x:825px;y:10px;\"\n\t\t\t\t\t\t\t\tdata-text=\"s:26;l:22;fw:600;\"\n\t\t\t\t\t\t\t\tdata-frame_0=\"tp:600;\"\n\t\t\t\t\t\t\t\tdata-frame_1=\"tp:600;e:power2.inOut;st:500;\"\n\t\t\t\t\t\t\t\tdata-frame_999=\"o:0;tp:600;e:nothing;st:w;\"\n\t\t\t\t\t\t\t\tstyle=\"z-index:5;font-family:'';\"\n\t\t\t\t\t\t\t>Asymetric warfare \n\t\t\t\t\t\t\t<\/rs-layer><!--\n\n\t\t\t\t\t\t\t--><rs-layer\n\t\t\t\t\t\t\t\tid=\"slider-36-slide-287-layer-2\" \n\t\t\t\t\t\t\t\tdata-type=\"text\"\n\t\t\t\t\t\t\t\tdata-color=\"rgba(255,255,255,1)\"\n\t\t\t\t\t\t\t\tdata-rsp_ch=\"on\"\n\t\t\t\t\t\t\t\tdata-xy=\"x:825px;y:45px;\"\n\t\t\t\t\t\t\t\tdata-text=\"w:normal;l:22;\"\n\t\t\t\t\t\t\t\tdata-dim=\"w:242px;h:46px;\"\n\t\t\t\t\t\t\t\tdata-frame_0=\"tp:600;\"\n\t\t\t\t\t\t\t\tdata-frame_1=\"tp:600;e:power2.inOut;st:500;\"\n\t\t\t\t\t\t\t\tdata-frame_999=\"o:0;tp:600;e:nothing;st:w;\"\n\t\t\t\t\t\t\t\tstyle=\"z-index:6;font-family:'';\"\n\t\t\t\t\t\t\t>\u00f3leo sobre tela - 180x229cm 2015  \n\t\t\t\t\t\t\t<\/rs-layer><!--\n-->\t\t\t\t\t\t<\/rs-slide>\n\t\t\t\t\t\t<rs-slide style=\"position: absolute;\" data-key=\"rs-288\" data-title=\"Slide\" data-thumb=\"\/\/campusaltea.umh.es\/files\/2017\/02\/71-100x50.jpg\" data-anim=\"ms:600;\" data-in=\"o:0;\" data-out=\"a:false;\">\n\t\t\t\t\t\t\t<img src=\"\/\/campusaltea.umh.es\/wp-content\/plugins\/revslider\/public\/assets\/assets\/dummy.png\" alt=\"\" title=\"Jose Antonio Hinojos Morales\" class=\"rev-slidebg tp-rs-img rs-lazyload\" data-lazyload=\"\/\/campusaltea.umh.es\/files\/2017\/02\/71.jpg\" data-bg=\"f:contain;\" data-no-retina>\n<!--\n\t\t\t\t\t\t\t--><rs-layer\n\t\t\t\t\t\t\t\tid=\"slider-36-slide-288-layer-1\" \n\t\t\t\t\t\t\t\tdata-type=\"text\"\n\t\t\t\t\t\t\t\tdata-color=\"rgba(255,255,255,1)\"\n\t\t\t\t\t\t\t\tdata-rsp_ch=\"on\"\n\t\t\t\t\t\t\t\tdata-xy=\"x:80px;y:20px;\"\n\t\t\t\t\t\t\t\tdata-text=\"s:26;l:22;fw:600;\"\n\t\t\t\t\t\t\t\tdata-frame_0=\"tp:600;\"\n\t\t\t\t\t\t\t\tdata-frame_1=\"tp:600;e:power2.inOut;st:500;\"\n\t\t\t\t\t\t\t\tdata-frame_999=\"o:0;tp:600;e:nothing;st:w;\"\n\t\t\t\t\t\t\t\tstyle=\"z-index:5;font-family:'';\"\n\t\t\t\t\t\t\t>Inmersi\u00f3n \n\t\t\t\t\t\t\t<\/rs-layer><!--\n\n\t\t\t\t\t\t\t--><rs-layer\n\t\t\t\t\t\t\t\tid=\"slider-36-slide-288-layer-2\" \n\t\t\t\t\t\t\t\tdata-type=\"text\"\n\t\t\t\t\t\t\t\tdata-color=\"rgba(255,255,255,1)\"\n\t\t\t\t\t\t\t\tdata-rsp_ch=\"on\"\n\t\t\t\t\t\t\t\tdata-xy=\"x:80px;y:60px;\"\n\t\t\t\t\t\t\t\tdata-text=\"w:normal;s:24;l:22;\"\n\t\t\t\t\t\t\t\tdata-dim=\"w:198px;h:23px;\"\n\t\t\t\t\t\t\t\tdata-frame_0=\"tp:600;\"\n\t\t\t\t\t\t\t\tdata-frame_1=\"tp:600;e:power2.inOut;st:500;\"\n\t\t\t\t\t\t\t\tdata-frame_999=\"o:0;tp:600;e:nothing;st:w;\"\n\t\t\t\t\t\t\t\tstyle=\"z-index:6;font-family:'';\"\n\t\t\t\t\t\t\t>114 x146cm - \u00d3leo sobre lino -2014  \n\t\t\t\t\t\t\t<\/rs-layer><!--\n-->\t\t\t\t\t\t<\/rs-slide>\n\t\t\t\t\t\t<rs-slide style=\"position: absolute;\" data-key=\"rs-558\" data-title=\"Slide\" data-thumb=\"\/\/campusaltea.umh.es\/files\/2019\/11\/HINOJOS-An-Icon.-Pol\u00edptico-\u00f3leo-sobre-tela.-Medidas-varaibles.-2016-100x50.jpg\" data-anim=\"ms:600;\" data-in=\"o:0;\" data-out=\"a:false;\">\n\t\t\t\t\t\t\t<img src=\"\/\/campusaltea.umh.es\/wp-content\/plugins\/revslider\/public\/assets\/assets\/dummy.png\" alt=\"\" title=\"Jose Antonio Hinojos Morales\" class=\"rev-slidebg tp-rs-img rs-lazyload\" data-lazyload=\"\/\/campusaltea.umh.es\/files\/2019\/11\/HINOJOS-An-Icon.-Pol\u00edptico-\u00f3leo-sobre-tela.-Medidas-varaibles.-2016.jpg\" data-bg=\"f:contain;\" data-no-retina>\n<!--\n\t\t\t\t\t\t\t--><rs-layer\n\t\t\t\t\t\t\t\tid=\"slider-36-slide-558-layer-1\" \n\t\t\t\t\t\t\t\tclass=\"black\"\n\t\t\t\t\t\t\t\tdata-type=\"text\"\n\t\t\t\t\t\t\t\tdata-color=\"rgba(0,0,0,1)\"\n\t\t\t\t\t\t\t\tdata-rsp_ch=\"on\"\n\t\t\t\t\t\t\t\tdata-xy=\"x:8px;y:837px;\"\n\t\t\t\t\t\t\t\tdata-text=\"l:22;\"\n\t\t\t\t\t\t\t\tdata-frame_0=\"tp:600;\"\n\t\t\t\t\t\t\t\tdata-frame_1=\"tp:600;e:power2.inOut;st:500;\"\n\t\t\t\t\t\t\t\tdata-frame_999=\"o:0;tp:600;e:nothing;st:w;\"\n\t\t\t\t\t\t\t\tstyle=\"z-index:5;font-family:'Arial';text-shadow:none;\"\n\t\t\t\t\t\t\t>An-Icon. Poli\u0301ptico, \u00f3leo sobre tela. Medidas variables. 2016 \n\t\t\t\t\t\t\t<\/rs-layer><!--\n-->\t\t\t\t\t\t<\/rs-slide>\n\t\t\t\t\t\t<rs-slide style=\"position: absolute;\" data-key=\"rs-566\" data-title=\"Slide\" data-thumb=\"\/\/campusaltea.umh.es\/files\/2020\/03\/Horizonte-vertical.-Serie-fotogr\u00e1fica-medidas-variables-2019-100x50.jpg\" data-anim=\"ms:600;\" data-in=\"o:0;\" data-out=\"a:false;\">\n\t\t\t\t\t\t\t<img src=\"\/\/campusaltea.umh.es\/wp-content\/plugins\/revslider\/public\/assets\/assets\/dummy.png\" alt=\"\" title=\"Jose Antonio Hinojos Morales\" class=\"rev-slidebg tp-rs-img rs-lazyload\" data-lazyload=\"\/\/campusaltea.umh.es\/files\/2020\/03\/Horizonte-vertical.-Serie-fotogr\u00e1fica-medidas-variables-2019.jpg\" data-bg=\"f:contain;\" data-no-retina>\n<!--\n\t\t\t\t\t\t\t--><rs-layer\n\t\t\t\t\t\t\t\tid=\"slider-36-slide-566-layer-2\" \n\t\t\t\t\t\t\t\tdata-type=\"text\"\n\t\t\t\t\t\t\t\tdata-color=\"rgba(0,0,0,1)\"\n\t\t\t\t\t\t\t\tdata-rsp_ch=\"on\"\n\t\t\t\t\t\t\t\tdata-xy=\"x:16px;y:68px;\"\n\t\t\t\t\t\t\t\tdata-text=\"w:normal;l:22;\"\n\t\t\t\t\t\t\t\tdata-dim=\"w:416px;h:56px;\"\n\t\t\t\t\t\t\t\tdata-frame_0=\"tp:600;\"\n\t\t\t\t\t\t\t\tdata-frame_1=\"tp:600;e:power2.inOut;st:500;\"\n\t\t\t\t\t\t\t\tdata-frame_999=\"o:0;tp:600;e:nothing;st:9000;\"\n\t\t\t\t\t\t\t\tstyle=\"z-index:5;font-family:'';\"\n\t\t\t\t\t\t\t>Serie fotogr\u00e1fica, medidas variables, 2019. \n\t\t\t\t\t\t\t<\/rs-layer><!--\n\n\t\t\t\t\t\t\t--><rs-layer\n\t\t\t\t\t\t\t\tid=\"slider-36-slide-566-layer-3\" \n\t\t\t\t\t\t\t\tdata-type=\"text\"\n\t\t\t\t\t\t\t\tdata-color=\"rgba(0,0,0,1)\"\n\t\t\t\t\t\t\t\tdata-rsp_ch=\"on\"\n\t\t\t\t\t\t\t\tdata-xy=\"x:16px;y:29px;\"\n\t\t\t\t\t\t\t\tdata-text=\"w:normal;s:22;l:30;fw:600;\"\n\t\t\t\t\t\t\t\tdata-dim=\"w:251px;h:60px;\"\n\t\t\t\t\t\t\t\tdata-frame_0=\"tp:600;\"\n\t\t\t\t\t\t\t\tdata-frame_1=\"tp:600;e:power2.inOut;st:500;\"\n\t\t\t\t\t\t\t\tdata-frame_999=\"o:0;tp:600;e:nothing;st:9000;\"\n\t\t\t\t\t\t\t\tstyle=\"z-index:6;font-family:'';\"\n\t\t\t\t\t\t\t>Horizonte vertical.  \n\t\t\t\t\t\t\t<\/rs-layer><!--\n-->\t\t\t\t\t\t<\/rs-slide>\n\t\t\t\t\t<\/rs-slides>\n\t\t\t\t<\/rs-module>\n\t\t\t\t<script>\n\t\t\t\t\tsetREVStartSize({c: 'rev_slider_36_1',rl:[1240,1024,778,480],el:[],gw:[1240],gh:[868],type:'standard',justify:'',layout:'fullwidth',mh:\"0\"});if (window.RS_MODULES!==undefined && window.RS_MODULES.modules!==undefined && window.RS_MODULES.modules[\"revslider361\"]!==undefined) {window.RS_MODULES.modules[\"revslider361\"].once = false;window.revapi36 = undefined;if (window.RS_MODULES.checkMinimal!==undefined) window.RS_MODULES.checkMinimal()}\n\t\t\t\t<\/script>\n\t\t\t<\/rs-module-wrap>\n\t\t\t<!-- END REVOLUTION SLIDER -->\n<br \/>\n<\/div><div class=\"clear\"><\/div><\/p>","protected":false},"excerpt":{"rendered":"Jose Antonio Hinojos Morales La mayor parte de su producci\u00f3n en su trayectoria como artista gira en torno a la figuraci\u00f3n y la expresi\u00f3n con medios pict\u00f3ricos y gr\u00e1ficos, alternando entre diversos modos y sistemas de plasmaci\u00f3n. En algunos de sus \u00faltimos proyectos art\u00edsticos pretende indagar acerca de la relaci\u00f3n entre determinados asuntos espirituales, filos\u00f3ficos [...]","protected":false},"author":469,"featured_media":0,"parent":3949,"menu_order":0,"comment_status":"closed","ping_status":"open","template":"","meta":{"_links_to":"","_links_to_target":""},"_links":{"self":[{"href":"https:\/\/campusaltea.umh.es\/es\/wp-json\/wp\/v2\/pages\/4114"}],"collection":[{"href":"https:\/\/campusaltea.umh.es\/es\/wp-json\/wp\/v2\/pages"}],"about":[{"href":"https:\/\/campusaltea.umh.es\/es\/wp-json\/wp\/v2\/types\/page"}],"author":[{"embeddable":true,"href":"https:\/\/campusaltea.umh.es\/es\/wp-json\/wp\/v2\/users\/469"}],"replies":[{"embeddable":true,"href":"https:\/\/campusaltea.umh.es\/es\/wp-json\/wp\/v2\/comments?post=4114"}],"version-history":[{"count":0,"href":"https:\/\/campusaltea.umh.es\/es\/wp-json\/wp\/v2\/pages\/4114\/revisions"}],"up":[{"embeddable":true,"href":"https:\/\/campusaltea.umh.es\/es\/wp-json\/wp\/v2\/pages\/3949"}],"wp:attachment":[{"href":"https:\/\/campusaltea.umh.es\/es\/wp-json\/wp\/v2\/media?parent=4114"}],"curies":[{"name":"wp","href":"https:\/\/api.w.org\/{rel}","templated":true}]}}