{"id":3949,"date":"2016-10-08T10:48:25","date_gmt":"2016-10-08T10:48:25","guid":{"rendered":"http:\/\/campusaltea.umh.es\/?page_id=3949"},"modified":"2023-05-31T08:09:03","modified_gmt":"2023-05-31T08:09:03","slug":"profesores","status":"publish","type":"page","link":"https:\/\/campusaltea.umh.es\/es\/profesores\/","title":{"rendered":"Profesores"},"content":{"rendered":"<p><\/p>\n<h3><strong>PROFESORADO<\/strong><\/h3>\n<p>El claustro de profesores y profesoras del Campus de Altea est\u00e1 compuesto por profesionales del \u00e1mbito de las artes pl\u00e1sticas, artes visuales y del dise\u00f1o con acreditada experiencia profesional, docente e investigadora en las \u00e1reas de Escultura, Pintura, Dibujo, Historia del Arte, Comunicaci\u00f3n Audiovisual, Est\u00e9tica y Teor\u00eda de las Artes.<\/p>\n<hr \/>\n<div  class=\"ut-one-half  \">\n<h3><span style=\"text-decoration: underline\"><a href=\"http:\/\/campusaltea.umh.es\/ivan-albalate-gauchia\/\"><img loading=\"lazy\" class=\"alignleft wp-image-4660 size-thumbnail\" src=\"https:\/\/campusaltea.umh.es\/files\/2023\/05\/ivan_albalate_peq.jpg\" alt=\"\" width=\"150\" height=\"150\" \/><\/a><a title=\"Ivan Albalate Gauchia\" href=\"http:\/\/campusaltea.umh.es\/ivan-albalate-gauchia\/\">ALBALATE GAUCH\u00cdA, IVAN <\/a><\/span><\/h3>\n<ul>\n<li>Doctor en Bellas Artes<\/li>\n<li>Profesor Contratado Doctor<\/li>\n<li>Vicedecano de Grado<\/li>\n<li>\u00c1rea de Pintura<\/li>\n<li><a href=\"mailto:ialbalate@umh.es\">ialbalate@umh.es<\/a><\/li>\n<\/ul>\n<p>&nbsp;<\/p>\n<h3><span style=\"text-decoration: underline\"><a href=\"http:\/\/campusaltea.umh.es\/ma-teresa-bonastre-montilla\/\"><img loading=\"lazy\" class=\"alignleft wp-image-3993 size-thumbnail\" src=\"http:\/\/campusaltea.umh.es\/files\/2016\/10\/Teresa-Bonastre-150x150.jpg\" alt=\"\" width=\"150\" height=\"150\" srcset=\"https:\/\/campusaltea.umh.es\/files\/2016\/10\/Teresa-Bonastre-150x150.jpg 150w, https:\/\/campusaltea.umh.es\/files\/2016\/10\/Teresa-Bonastre.jpg 200w\" sizes=\"(max-width: 150px) 100vw, 150px\" \/><\/a><a title=\"M\u00aa Teresa Bonastre Montilla\" href=\"http:\/\/campusaltea.umh.es\/ma-teresa-bonastre-montilla\/\">BONASTRE MONTILLA, M\u00aa TERESA<\/a><\/span><\/h3>\n<ul>\n<li>Doctora en Bellas Artes<\/li>\n<li>Profesor Asociado<\/li>\n<li>\u00c1rea de Dibujo<\/li>\n<li><a href=\"mailto:mtbonastre@umh.es\">mtbonastre@umh.es<\/a><\/li>\n<\/ul>\n<p>&nbsp;<br \/>\n&nbsp;<\/p>\n<h3><span style=\"text-decoration: underline\"><a href=\"http:\/\/campusaltea.umh.es\/kosme-maria-de-baranano-letamendia\/\"><img loading=\"lazy\" class=\"alignleft wp-image-5372 size-thumbnail\" src=\"http:\/\/campusaltea.umh.es\/files\/2017\/03\/Kosme-de-Bara\u00f1ano-150x150.jpg\" alt=\"\" width=\"150\" height=\"150\" \/><\/a><a title=\"Kosme Maria de Bara\u00f1ano Letamendia\" href=\"http:\/\/campusaltea.umh.es\/kosme-maria-de-baranano-letamendia\/\">DE BARA\u00d1ANO LETAMENDIA, KOSME M.<\/a><\/span><\/h3>\n<ul>\n<li>Doctor en Historia del Arte<\/li>\n<li>Catedr\u00e1tico de Universidad<\/li>\n<li>Area de Historia del Arte<\/li>\n<li><a href=\"mailto:cbaranano@umh.es\">cbaranano@umh.es<\/a><\/li>\n<\/ul>\n<p>&nbsp;<br \/>\n&nbsp;<\/p>\n<h3><span style=\"text-decoration: underline\"><a title=\"Patricia Escario Jover\" href=\"http:\/\/campusaltea.umh.es\/patricia-escario-jover\/\">ESCARIO JOVER, PATRICIA <\/a><a href=\"http:\/\/campusaltea.umh.es\/patricia-escario-jover\/\"><img loading=\"lazy\" class=\"alignleft wp-image-3981 size-thumbnail\" src=\"http:\/\/campusaltea.umh.es\/files\/2016\/10\/Patricia-Escario-150x150.jpg\" alt=\"patricia-escario\" width=\"150\" height=\"150\" srcset=\"https:\/\/campusaltea.umh.es\/files\/2016\/10\/Patricia-Escario-150x150.jpg 150w, https:\/\/campusaltea.umh.es\/files\/2016\/10\/Patricia-Escario.jpg 200w\" sizes=\"(max-width: 150px) 100vw, 150px\" \/><\/a><\/span><\/h3>\n<ul>\n<li>Licenciada en Bellas Artes<\/li>\n<li>Profesor Colaborador<\/li>\n<li>\u00c1rea de Pintura<\/li>\n<li><a href=\"mailto:p.escario@umh.es\">p.escario@umh.es<\/a><\/li>\n<\/ul>\n<p>&nbsp;<br \/>\n&nbsp;<\/p>\n<h3><span style=\"text-decoration: underline\"><a href=\"http:\/\/campusaltea.umh.es\/carmen-garcia-muriana\/\"><img loading=\"lazy\" class=\"alignleft wp-image-3962 size-thumbnail\" src=\"http:\/\/campusaltea.umh.es\/files\/2016\/10\/Carmen-Garcia-150x150.jpg\" alt=\"\" width=\"150\" height=\"150\" srcset=\"https:\/\/campusaltea.umh.es\/files\/2016\/10\/Carmen-Garcia-150x150.jpg 150w, https:\/\/campusaltea.umh.es\/files\/2016\/10\/Carmen-Garcia.jpg 200w\" sizes=\"(max-width: 150px) 100vw, 150px\" \/><\/a><a title=\"Carmen Garc\u00eda Muriana\" href=\"http:\/\/campusaltea.umh.es\/carmen-garcia-muriana\/\">GARC\u00cdA MURIANA, CARMEN <\/a><\/span><\/h3>\n<ul>\n<li>Doctora en Bellas Artes<\/li>\n<li>Profesora Ayudante Doctor<\/li>\n<li>\u00c1rea de Dibujo<\/li>\n<li><a href=\"mailto:carmen.garciam@umh.es\">carmen.garciam@umh.es<\/a><\/li>\n<\/ul>\n<p>&nbsp;<br \/>\n&nbsp;<\/p>\n<h3><span style=\"text-decoration: underline\"><a href=\"http:\/\/campusaltea.umh.es\/susana-guerrero-sempere\/\"><img loading=\"lazy\" class=\" wp-image-3989 size-thumbnail alignleft\" src=\"http:\/\/campusaltea.umh.es\/files\/2016\/10\/Susana-150x150.jpg\" alt=\"\" width=\"150\" height=\"150\" srcset=\"https:\/\/campusaltea.umh.es\/files\/2016\/10\/Susana-150x150.jpg 150w, https:\/\/campusaltea.umh.es\/files\/2016\/10\/Susana.jpg 200w\" sizes=\"(max-width: 150px) 100vw, 150px\" \/><\/a><a title=\"Susana Guerrero Sempere\" href=\"http:\/\/campusaltea.umh.es\/susana-guerrero-sempere\/\">GUERRERO SEMPERE, SUSANA<\/a><\/span><\/h3>\n<ul>\n<li>Doctora en Bellas Artes<\/li>\n<li>Profesora Contratado Doctor<\/li>\n<li>\u00c1rea de Dibujo<\/li>\n<li><a href=\"mailto:sguerrero@umh.es\">sguerrero@umh.es<\/a><\/li>\n<\/ul>\n<p>&nbsp;<br \/>\n&nbsp;<\/p>\n<h2><span style=\"text-decoration: underline\"><a href=\"http:\/\/campusaltea.umh.es\/profesores\/jose-antonio-hinojos-morales\/\"><img loading=\"lazy\" class=\" wp-image-3971 size-thumbnail alignleft\" src=\"http:\/\/campusaltea.umh.es\/files\/2016\/10\/J.A.Hinojos-copia-150x150.jpg\" alt=\"\" width=\"150\" height=\"150\" srcset=\"https:\/\/campusaltea.umh.es\/files\/2016\/10\/J.A.Hinojos-copia-150x150.jpg 150w, https:\/\/campusaltea.umh.es\/files\/2016\/10\/J.A.Hinojos-copia.jpg 200w\" sizes=\"(max-width: 150px) 100vw, 150px\" \/><\/a><\/span><\/h2>\n<h3><a title=\"Jose Antonio Hinojos Morales\" href=\"http:\/\/campusaltea.umh.es\/profesores\/jose-antonio-hinojos-morales\/\"><span style=\"text-decoration: underline\">HINOJOS MORALES, JOSE ANTONIO <\/span><\/a><\/h3>\n<ul>\n<li>Licenciado en Bellas Artes<\/li>\n<li>Profesor Asociado<\/li>\n<li>\u00c1rea de Pintura<\/li>\n<li><a href=\"mailto:jhinojos@umh.es\">jhinojos@umh.es<\/a><\/li>\n<\/ul>\n<p>&nbsp;<br \/>\n&nbsp;<\/p>\n<h2><span style=\"text-decoration: underline\"><a href=\"http:\/\/campusaltea.umh.es\/profesores\/miguel-lorente-boyer\/\"><img loading=\"lazy\" class=\"alignleft wp-image-3971 size-thumbnail\" src=\"http:\/\/campusaltea.umh.es\/files\/2016\/10\/Miguel-Lorente-150x150.jpg\" alt=\"\" width=\"150\" height=\"150\" \/><\/a><\/span><\/h2>\n<h3><a title=\"Miguel Lorente Boyer\" href=\"http:\/\/campusaltea.umh.es\/profesores\/miguel-lorente-boyer\/\"><span style=\"text-decoration: underline\">LORENTE BOYER, MIGUEL <\/span><\/a><\/h3>\n<ul>\n<li>Doctor en Bellas Artes<\/li>\n<li>Profesor Colaborador<\/li>\n<li>\u00c1rea de Pintura<\/li>\n<li><a href=\"mailto:mlorente@umh.es\">mlorente@umh.es<\/a><\/li>\n<\/ul>\n<p>&nbsp;<br \/>\n&nbsp;<\/p>\n<h2><span style=\"text-decoration: underline\"><a href=\"http:\/\/campusaltea.umh.es\/profesores\/sergio-luna-lozano\/\"><img loading=\"lazy\" class=\"alignleft wp-image-3971 size-thumbnail\" src=\"http:\/\/campusaltea.umh.es\/files\/2016\/10\/Sergio-Luna-150x150.jpg\" alt=\"\" width=\"150\" height=\"150\" \/><\/a><\/span><\/h2>\n<h3><a title=\"Sergio Luna Lozano\" href=\"http:\/\/campusaltea.umh.es\/profesores\/sergio-luna-lozano\/\"><span style=\"text-decoration: underline\">LUNA LOZANO, SERGIO <\/span><\/a><\/h3>\n<ul>\n<li>Licenciado en Bellas Artes<\/li>\n<li>Profesor Asociado<\/li>\n<li>\u00c1rea de Pintura<\/li>\n<li><a href=\"mailto:sluna@umh.es\">sluna@umh.es<\/a><\/li>\n<\/ul>\n<p>&nbsp;<br \/>\n&nbsp;<\/p>\n<h2><span style=\"text-decoration: underline\"><a href=\"http:\/\/campusaltea.umh.es\/profesores\/jose-luis-maravall-llagaria\/\"><img loading=\"lazy\" class=\"alignleft wp-image-3971 size-thumbnail\" src=\"http:\/\/campusaltea.umh.es\/files\/2016\/10\/Jose-Luis-Maravall-150x150.jpg\" alt=\"\" width=\"150\" height=\"150\" \/><\/a><\/span><\/h2>\n<h3><a title=\"Jos\u00e9 Lu\u00eds Maravall Llagaria\" href=\"http:\/\/campusaltea.umh.es\/profesores\/jose-luis-maravall-llagaria\/\"><span style=\"text-decoration: underline\">MARAVALL LLAGARIA, JOSE LUIS<\/span><\/a><\/h3>\n<ul>\n<li>Doctor en Bellas Artes<\/li>\n<li>Profesor Ayudante Doctor<\/li>\n<li>Secretario Facultad Bellas Artes<\/li>\n<li>\u00c1rea de Pintura<\/li>\n<li><a href=\"mailto:jlmaravall@umh.es\">jlmaravall@umh.es<\/a><\/li>\n<\/ul>\n<p>&nbsp;<\/p>\n<h3><span style=\"text-decoration: underline\"><a href=\"http:\/\/campusaltea.umh.es\/jose-vicente-martin-martinez\/\"><img loading=\"lazy\" class=\"alignleft wp-image-4661 size-thumbnail\" src=\"http:\/\/campusaltea.umh.es\/files\/2016\/10\/vicentemini_0001_Vicente_0000_Jose-Vicente_5-150x150.jpg\" alt=\"\" width=\"150\" height=\"150\" srcset=\"https:\/\/campusaltea.umh.es\/files\/2016\/10\/vicentemini_0001_Vicente_0000_Jose-Vicente_5-150x150.jpg 150w, https:\/\/campusaltea.umh.es\/files\/2016\/10\/vicentemini_0001_Vicente_0000_Jose-Vicente_5.jpg 200w\" sizes=\"(max-width: 150px) 100vw, 150px\" \/><\/a><a title=\"Jos\u00e9 Vicente Mart\u00edn Martinez\" href=\"http:\/\/campusaltea.umh.es\/jose-vicente-martin-martinez\/\">MARTIN MARTINEZ, JOSE VICENTE <\/a><\/span><\/h3>\n<ul>\n<li>Doctor en Bellas Artes<\/li>\n<li>Catedr\u00e1tico de Universidad<\/li>\n<li>Decano de la Facultad de Bellas Artes<\/li>\n<li>\u00c1rea de Pintura<\/li>\n<li><a href=\"mailto:jv.martin@umh.es\">jv.martin@umh.es<\/a><\/li>\n<\/ul>\n<p>&nbsp;<\/p>\n<h3><span style=\"text-decoration: underline\"><a href=\"http:\/\/campusaltea.umh.es\/mario-paul-martinez-fabre\/\"><img loading=\"lazy\" class=\"alignleft wp-image-3978 size-thumbnail\" src=\"http:\/\/campusaltea.umh.es\/files\/2016\/10\/Mario-Paul-150x150.jpg\" alt=\"\" width=\"150\" height=\"150\" srcset=\"https:\/\/campusaltea.umh.es\/files\/2016\/10\/Mario-Paul-150x150.jpg 150w, https:\/\/campusaltea.umh.es\/files\/2016\/10\/Mario-Paul.jpg 200w\" sizes=\"(max-width: 150px) 100vw, 150px\" \/><\/a><a title=\"Mario Paul Mart\u00ednez Fabre\" href=\"http:\/\/campusaltea.umh.es\/mario-paul-martinez-fabre\/\">MARTINEZ FABRE, MARIO PABLO <\/a><\/span><\/h3>\n<ul>\n<li>Doctor en Bellas Artes<\/li>\n<li>Profesor Ayudante Doctor<\/li>\n<li>\u00c1rea de Est\u00e9tica y Teoria de las Artes<\/li>\n<li><a href=\"mailto:mario.martinez@umh.es\">mario.martinez@umh.es<\/a><\/li>\n<\/ul>\n<p>&nbsp;<br \/>\n&nbsp;<\/p>\n<h3><span style=\"text-decoration: underline\"><a href=\"http:\/\/campusaltea.umh.es\/imma-mengual-perez\/\"><img loading=\"lazy\" class=\"alignleft wp-image-3970 size-thumbnail\" src=\"http:\/\/campusaltea.umh.es\/files\/2016\/10\/Inma-Mengual-150x150.jpg\" alt=\"\" width=\"150\" height=\"150\" srcset=\"https:\/\/campusaltea.umh.es\/files\/2016\/10\/Inma-Mengual-150x150.jpg 150w, https:\/\/campusaltea.umh.es\/files\/2016\/10\/Inma-Mengual.jpg 200w\" sizes=\"(max-width: 150px) 100vw, 150px\" \/><\/a><a title=\"Imma Mengual Perez\" href=\"http:\/\/campusaltea.umh.es\/imma-mengual-perez\/\">MENGUAL PEREZ, IMMA<\/a><\/span><\/h3>\n<ul>\n<li>Doctora en Bellas Artes<\/li>\n<li>Profesora Ayudante Doctor<\/li>\n<li>\u00c1rea de Escultura<\/li>\n<li><a href=\"mailto:imengual@umh.es\">imengual@umh.es<\/a><\/li>\n<\/ul>\n<p>&nbsp;<br \/>\n&nbsp;<\/p>\n<h3><span style=\"text-decoration: underline\"><a title=\"Johanna Moreno Caplliure\" href=\"http:\/\/campusaltea.umh.es\/johanna-moreno-caplliure\/\"><img loading=\"lazy\" class=\"alignleft wp-image-4878 size-thumbnail\" src=\"http:\/\/campusaltea.umh.es\/files\/2016\/10\/Johanna-e1485950378412-150x150.jpg\" alt=\"\" width=\"150\" height=\"150\" \/><\/a><a title=\"Johanna Moreno Caplliure\" href=\"http:\/\/campusaltea.umh.es\/johanna-moreno-caplliure\/\">MORENO CAPLLIURE, JOHANNA<\/a><\/span><\/h3>\n<ul>\n<li>Licenciada en Historia del Arte y Filosof\u00eda<\/li>\n<li>Contratado Laboral<\/li>\n<li>\u00c1rea de Est\u00e9tica y Teoria de las Artes<\/li>\n<li><a href=\"mailto:johanna.moreno@umh.es\">johanna.moreno@umh.es<\/a><\/li>\n<\/ul>\n<p>&nbsp;<br \/>\n&nbsp;<\/p>\n<h3><span style=\"text-decoration: underline\"><a href=\"http:\/\/campusaltea.umh.es\/antonio-perez-mas\/\"><img loading=\"lazy\" class=\"alignleft wp-image-3973 size-thumbnail\" src=\"http:\/\/campusaltea.umh.es\/files\/2016\/10\/Antonio-150x150.jpg\" alt=\"\" width=\"150\" height=\"150\" \/><\/a><a title=\"Antonio P\u00e9rez Mas\" href=\"http:\/\/campusaltea.umh.es\/antonio-perez-mas\/\">PEREZ MAS, ANTONIO <\/a><\/span><\/h3>\n<ul>\n<li>Licenciado en Estad\u00edstica<\/li>\n<li>Profesor Asociado<\/li>\n<li>\u00c1rea de Lenguajes y Sistemas Inform\u00e1ticos<\/li>\n<li><a href=\"mailto:a.perez@umh.es\">a.perez@umh.es<\/a><\/li>\n<\/ul>\n<p>&nbsp;<br \/>\n&nbsp;<\/p>\n<h3><span style=\"text-decoration: underline\"><a href=\"http:\/\/campusaltea.umh.es\/emilio-rosello-tormo\/\"><img loading=\"lazy\" class=\"alignleft wp-image-3973 size-thumbnail\" src=\"http:\/\/campusaltea.umh.es\/files\/2020\/06\/Emilio-Rosell\u00f3-webBBAAmenut.jpg\" alt=\"\" width=\"150\" height=\"150\" \/><\/a><a title=\"Emilio Rosell\u00f3 Tormo\" href=\"http:\/\/campusaltea.umh.es\/emilio-rosello-tormo\/\">ROSELLO TORMO, EMILIO <\/a><\/span><\/h3>\n<ul>\n<li>Doctor en Bellas Artes<\/li>\n<li>Profesor Titular de Universidad<\/li>\n<li>\u00c1rea de Comunicaci\u00f3n Audiovisual y Publicidad<\/li>\n<li><a href=\"mailto:e.rosello@umh.es\">e.rosello@umh.es<\/a><\/li>\n<\/ul>\n<p>&nbsp;<br \/>\n&nbsp;<\/p>\n<h2><span style=\"text-decoration: underline\"><a href=\"http:\/\/campusaltea.umh.es\/alfonso-julian-sanchez-luna\/\"><img loading=\"lazy\" class=\"alignleft wp-image-3971 size-thumbnail\" src=\"http:\/\/campusaltea.umh.es\/files\/2016\/10\/Alfonso-Sanchez-Luna-150x150.jpg\" alt=\"\" width=\"150\" height=\"150\" \/><\/a><\/span><\/h2>\n<h3><a title=\"Alfonso Juli\u00e1n S\u00e1nchez Luna\" href=\"http:\/\/campusaltea.umh.es\/alfonso-julian-sanchez-luna\/\"><span style=\"text-decoration: underline\">SANCHEZ LUNA, ALFONSO JULIAN <\/span><\/a><\/h3>\n<ul>\n<li>Doctor en Bellas Artes<\/li>\n<li>Profesor Titular de Universidad<\/li>\n<li>\u00c1rea de Dibujo<\/li>\n<li><a href=\"mailto:alfonso.sanchez@umh.es\">alfonso.sanchez@umh.es<\/a><\/li>\n<\/ul>\n<p>&nbsp;<br \/>\n&nbsp;<\/p>\n<h3><span style=\"text-decoration: underline\"><a href=\"http:\/\/campusaltea.umh.es\/tatiana-sentamans-gomez\/\"><img loading=\"lazy\" class=\"alignleft wp-image-3973 size-thumbnail\" src=\"http:\/\/campusaltea.umh.es\/files\/2016\/10\/Tatiana-Sentamans-150x150.jpg\" alt=\"\" width=\"150\" height=\"150\" \/><\/a><\/span><\/h3>\n<h3><a title=\"Tatiana Sentamans G\u00f3mez\" href=\"http:\/\/campusaltea.umh.es\/tatiana-sentamans-gomez\/\"><span style=\"text-decoration: underline\">SENTAMANS G\u00d3MEZ, TATIANA <\/span><\/a><\/h3>\n<ul>\n<li>Doctora en Bellas Artes<\/li>\n<li>Catedr\u00e1tica de Universidad<\/li>\n<li>Vicerrectora de Cultura y Extensi\u00f3n Universitaria<\/li>\n<li>\u00c1rea de Escultura<\/li>\n<li><a href=\"mailto:tsentamans@umh.es\">tsentamans@umh.es<\/a><\/li>\n<\/ul>\n<p>&nbsp;<\/p>\n<h2><span style=\"text-decoration: underline\"><a href=\"https:\/\/campusaltea.umh.es\/elia-torrecilla-patino\/\"><img loading=\"lazy\" class=\"alignleft wp-image-3971 size-thumbnail\" src=\"https:\/\/campusaltea.umh.es\/files\/2022\/10\/etorrecilla150v2.jpg\" alt=\"\" width=\"150\" height=\"150\" \/><\/a><\/span><\/h2>\n<h3><a title=\"Elia Torrecilla Pati\u00f1o\" href=\"https:\/\/campusaltea.umh.es\/elia-torrecilla-patino\/\"><span style=\"text-decoration: underline\">TORRECILLA PATI\u00d1O, ELIA <\/span><\/a><\/h3>\n<ul>\n<li>DoctorA en Bellas Artes<\/li>\n<li>Profesor Contratado Doctor<\/li>\n<li>\u00c1rea de Dibujo<\/li>\n<li><a href=\"mailto:etorrecilla@umh.es\">etorrecilla@umh.es<\/a><\/li>\n<\/ul>\n<p>&nbsp;<br \/>\n&nbsp;<\/p>\n<h2><span style=\"text-decoration: underline\"><a href=\"http:\/\/campusaltea.umh.es\/david-vila-moscardo\/\"><img loading=\"lazy\" class=\"alignleft wp-image-3971 size-thumbnail\" src=\"http:\/\/campusaltea.umh.es\/files\/2016\/10\/Deif-150x150.jpg\" alt=\"\" width=\"150\" height=\"150\" \/><\/a><\/span><\/h2>\n<h3><a title=\"David Vila Moscard\u00f3\" href=\"http:\/\/campusaltea.umh.es\/david-vila-moscardo\/\"><span style=\"text-decoration: underline\">VILA MOSCARDO, DAVID <\/span><\/a><\/h3>\n<ul>\n<li>Doctor en Bellas Artes<\/li>\n<li>Profesor Ayudante Doctor<\/li>\n<li>Vicedecano de Proyecci\u00f3n de Grado<\/li>\n<li>\u00c1rea de Escultura<\/li>\n<li><a href=\"mailto:dvila@umh.es\">dvila@umh.es<\/a><\/li>\n<\/ul>\n<p>&nbsp;<\/p>\n<h2><span style=\"text-decoration: underline\"><a href=\"http:\/\/campusaltea.umh.es\/pilar-viviente-3\/\"><img loading=\"lazy\" class=\"alignleft wp-image-3971 size-thumbnail\" src=\"http:\/\/campusaltea.umh.es\/files\/2016\/10\/Pilar-Viviente-150x150.jpg\" alt=\"\" width=\"150\" height=\"150\" \/><\/a><\/span><\/h2>\n<h3><span style=\"text-decoration: underline\"><a title=\"Pilar Viviente Sole\" href=\"http:\/\/campusaltea.umh.es\/pilar-viviente-3\/\">VIVIENTE SOLE, MARIA PILAR<\/a><\/span><\/h3>\n<ul>\n<li>Doctora en Bellas Artes<\/li>\n<li>Profesor Contratado Doctor<\/li>\n<li>\u00c1rea de Dibujo<\/li>\n<li><a href=\"mailto:p.viviente@umh.es\">p.viviente@umh.es<\/a><\/li>\n<\/ul>\n<p>&nbsp;<br \/>\n&nbsp;<br \/>\n<\/div> <div  class=\"ut-one-half ut-column-last  \">\n<h3><span style=\"text-decoration: underline\"><a href=\"http:\/\/campusaltea.umh.es\/amparo-alepuz-rostoll\/\"><img loading=\"lazy\" class=\"alignleft wp-image-3953 size-thumbnail\" src=\"http:\/\/campusaltea.umh.es\/files\/2016\/10\/Amparo-Alepuz-150x150.jpg\" alt=\"\" width=\"150\" height=\"150\" srcset=\"https:\/\/campusaltea.umh.es\/files\/2016\/10\/Amparo-Alepuz-150x150.jpg 150w, https:\/\/campusaltea.umh.es\/files\/2016\/10\/Amparo-Alepuz.jpg 200w\" sizes=\"(max-width: 150px) 100vw, 150px\" \/><\/a><a title=\"Amparo Alepuz Rostoll\" href=\"http:\/\/campusaltea.umh.es\/amparo-alepuz-rostoll\/\">ALEPUZ ROSTOLL, AMPARO<\/a><\/span><\/h3>\n<ul>\n<li>Doctora en Bellas Artes<\/li>\n<li>Profesor Titular Escuela Universitaria<\/li>\n<li>\u00c1rea de Dibujo<\/li>\n<li><a href=\"mailto:a.alepuz@umh.es\">a.alepuz@umh.es<\/a><\/li>\n<\/ul>\n<p>&nbsp;<br \/>\n&nbsp;<\/p>\n<h3><span style=\"text-decoration: underline\"><a href=\"http:\/\/campusaltea.umh.es\/rocio-cifuentes-albeza\/\"><img loading=\"lazy\" class=\"alignleft wp-image-3955 size-thumbnail\" src=\"http:\/\/campusaltea.umh.es\/files\/2016\/10\/Rocio-Cifuentes-150x150.jpg\" alt=\"\" width=\"150\" height=\"150\" \/><\/a><a title=\"Rocio Cifuentes Albeza\" href=\"http:\/\/campusaltea.umh.es\/rocio-cifuentes-albeza\/\">CIFUENTES ALBEZA, ROCIO<\/a><\/span><\/h3>\n<ul>\n<li>Doctora en Bellas Artes<\/li>\n<li>Profesor Colaborador<\/li>\n<li>\u00c1rea de Comunicaci\u00f3n Audiovisual y Publicidad<\/li>\n<li><a href=\"mailto:rcifuentes@umh.es\">rcifuentes@umh.es<\/a><\/li>\n<\/ul>\n<p>&nbsp;<br \/>\n&nbsp;<\/p>\n<h3><span style=\"text-decoration: underline\"><a href=\"http:\/\/campusaltea.umh.es\/pilar-escanero-de-miguel\/\"><img loading=\"lazy\" class=\"alignleft wp-image-3982 size-thumbnail\" src=\"http:\/\/campusaltea.umh.es\/files\/2016\/10\/Pilar-Escanero-150x150.jpg\" alt=\"\" width=\"150\" height=\"150\" srcset=\"https:\/\/campusaltea.umh.es\/files\/2016\/10\/Pilar-Escanero-150x150.jpg 150w, https:\/\/campusaltea.umh.es\/files\/2016\/10\/Pilar-Escanero.jpg 200w\" sizes=\"(max-width: 150px) 100vw, 150px\" \/><\/a><a title=\"Pilar Escanero de Miguel\" href=\"http:\/\/campusaltea.umh.es\/pilar-escanero-de-miguel\/\">ESCANERO DE MIGUEL, MARIA DEL PILAR <\/a><\/span><\/h3>\n<ul>\n<li>Doctora en Bellas Artes<\/li>\n<li>Profesor Titular Universidad<\/li>\n<li>\u00c1rea de Historia del Arte<\/li>\n<li><a href=\"p.escanero@umh.es\">p.escanero@umh.es<\/a><\/li>\n<\/ul>\n<p>&nbsp;<br \/>\n&nbsp;<\/p>\n<h3><span style=\"text-decoration: underline\"><a href=\"http:\/\/campusaltea.umh.es\/leonidas-espinelli-capel-prof\/\"><img loading=\"lazy\" class=\"alignleft wp-image-3635 size-thumbnail\" src=\"http:\/\/campusaltea.umh.es\/files\/2016\/07\/leonidas-150x150.jpg\" alt=\"Leonidas Espinelli\" width=\"150\" height=\"150\" srcset=\"https:\/\/campusaltea.umh.es\/files\/2016\/07\/leonidas-150x150.jpg 150w, https:\/\/campusaltea.umh.es\/files\/2016\/07\/leonidas.jpg 200w\" sizes=\"(max-width: 150px) 100vw, 150px\" \/><\/a><a title=\"Espinelli Capel, Le\u00f3nidas  \" href=\"http:\/\/campusaltea.umh.es\/leonidas-espinelli-capel-prof\/\">ESPINELLI CAPEL, LE\u00d3NIDAS <\/a><\/span><\/h3>\n<ul>\n<li>Doctor en Bellas Artes<\/li>\n<li>Profesor Asociado<\/li>\n<li>Comunicaci\u00f3n Audiovisual y Publicidad<\/li>\n<li><a href=\"mailto:lspinelli@umh.es\">lspinelli@umh.es<\/a><\/li>\n<\/ul>\n<p>&nbsp;<br \/>\n&nbsp;<\/p>\n<h2><span style=\"text-decoration: underline\"><a href=\"http:\/\/campusaltea.umh.es\/bernabe-gomez-moreno\/\"><img loading=\"lazy\" class=\"alignleft wp-image-3960 size-thumbnail\" src=\"http:\/\/campusaltea.umh.es\/files\/2016\/10\/Bernabe-150x150.jpg\" alt=\"\" width=\"150\" height=\"150\" srcset=\"https:\/\/campusaltea.umh.es\/files\/2016\/10\/Bernabe-150x150.jpg 150w, https:\/\/campusaltea.umh.es\/files\/2016\/10\/Bernabe.jpg 200w\" sizes=\"(max-width: 150px) 100vw, 150px\" \/><\/a><\/span><\/h2>\n<h3><a title=\"Bernab\u00e9 G\u00f3mez Moreno\" href=\"http:\/\/campusaltea.umh.es\/bernabe-gomez-moreno\/\"><span style=\"text-decoration: underline\">GOMEZ MORENO, BERNABE <\/span><\/a><\/h3>\n<ul>\n<li>Doctor en Bellas Artes<\/li>\n<li>Profesor Asociado<\/li>\n<li>\u00c1rea de Pintura<\/li>\n<li><a href=\"mailto:bernabegm@umh.es\">bernabegm@umh.es<\/a><\/li>\n<\/ul>\n<p>&nbsp;<br \/>\n&nbsp;<\/p>\n<h2><span style=\"text-decoration: underline\"><a href=\"https:\/\/campusaltea.umh.es\/es\/beatriz-higon-cardete\/\"><img loading=\"lazy\" class=\"alignleft wp-image-3960 size-thumbnail\" src=\"http:\/\/campusaltea.umh.es\/files\/2020\/06\/LOGO_menut_profev2-e1592563806616.png\" alt=\"\" width=\"150\" height=\"150\" \/><\/a><\/span><\/h2>\n<h3><a title=\"Beatriz Hig\u00f3n Cardete\" href=\"https:\/\/campusaltea.umh.es\/es\/beatriz-higon-cardete\/\"><span style=\"text-decoration: underline\">HIG\u00d3N CARDETE, BEATRIZ <\/span><\/a><\/h3>\n<ul>\n<li>Licenciada en Bellas Artes<\/li>\n<li>Profesora Asociada<\/li>\n<li>\u00c1rea de Dibujo<\/li>\n<li><a href=\"mailto:bhigon@umh.es\">bhigon@umh.es<\/a><\/li>\n<\/ul>\n<p>&nbsp;<br \/>\n&nbsp;<\/p>\n<h3><span style=\"text-decoration: underline\"><a href=\"http:\/\/campusaltea.umh.es\/profesores\/juan-jose-llobell-andres\/\"><img loading=\"lazy\" class=\"alignleft wp-image-3973 size-thumbnail\" src=\"http:\/\/campusaltea.umh.es\/files\/2018\/10\/fotomeuallo-e1539693700332.jpg\" alt=\"\" width=\"150\" height=\"150\" \/><\/a><a title=\"Juan Jos\u00e9 Llobell Andres\" href=\"http:\/\/campusaltea.umh.es\/profesores\/juan-jose-llobell-andres\/\">LLOBELL ANDRES, JUAN JOSE <\/a><\/span><\/h3>\n<ul>\n<li>Doctor en Bellas Artes<\/li>\n<li>Profesor Titular de Universidad<\/li>\n<li>\u00c1rea de Dibujo<\/li>\n<li><a href=\"mailto:joan.llobell@umh.es\">joan.llobell@umh.es<\/a><\/li>\n<\/ul>\n<p>&nbsp;<br \/>\n&nbsp;<\/p>\n<h3><span style=\"text-decoration: underline\"><a href=\"http:\/\/campusaltea.umh.es\/profesores\/elisa-lozano-chiarlones\/\"><img loading=\"lazy\" class=\"alignleft wp-image-3973 size-thumbnail\" src=\"http:\/\/campusaltea.umh.es\/files\/2016\/10\/Elisa-150x150.jpg\" alt=\"\" width=\"150\" height=\"150\" \/><\/a><a title=\"Elisa Lozano Chiarlones\" href=\"http:\/\/campusaltea.umh.es\/profesores\/elisa-lozano-chiarlones\/\">LOZANO CHIARLONES, ELISA <\/a><\/span><\/h3>\n<ul>\n<li>Doctora en Bellas Artes<\/li>\n<li>Profesor Contratado Doctor<\/li>\n<li>\u00c1rea de Escultura<\/li>\n<li><a href=\"mailto:e.lozano@umh.es\">e.lozano@umh.es<\/a><\/li>\n<\/ul>\n<p>&nbsp;<br \/>\n&nbsp;<\/p>\n<h3><span style=\"text-decoration: underline\"><a href=\"http:\/\/campusaltea.umh.es\/profesores\/jose-maldonado-gomez\/\"><img loading=\"lazy\" class=\"alignleft wp-image-3973 size-thumbnail\" src=\"http:\/\/campusaltea.umh.es\/files\/2016\/10\/Maldonado-150x150.jpg\" alt=\"\" width=\"150\" height=\"150\" \/><\/a><a title=\"Jos\u00e9 Maldonado G\u00f3mez\" href=\"http:\/\/campusaltea.umh.es\/profesores\/jose-maldonado-gomez\/\">MALDONANO GOMEZ, JOSE <\/a><\/span><\/h3>\n<ul>\n<li>Doctor en Bellas Artes<\/li>\n<li>Profesor Contratado Doctor<\/li>\n<li>\u00c1rea de Pintura<\/li>\n<li><a href=\"mailto:jmaldonado@umh.es\">jmaldonado@umh.es<\/a><\/li>\n<\/ul>\n<p>&nbsp;<br \/>\n&nbsp;<\/p>\n<h3><span style=\"text-decoration: underline\"><a href=\"http:\/\/campusaltea.umh.es\/teresa-marin-garcia\/\"><img loading=\"lazy\" class=\"alignleft wp-image-3994 size-thumbnail\" src=\"http:\/\/campusaltea.umh.es\/files\/2016\/10\/Teresa-Marin-150x150.jpg\" alt=\"\" width=\"150\" height=\"150\" srcset=\"https:\/\/campusaltea.umh.es\/files\/2016\/10\/Teresa-Marin-150x150.jpg 150w, https:\/\/campusaltea.umh.es\/files\/2016\/10\/Teresa-Marin.jpg 200w\" sizes=\"(max-width: 150px) 100vw, 150px\" \/><\/a><a title=\"Teresa Mar\u00edn Garc\u00eda\" href=\"http:\/\/campusaltea.umh.es\/teresa-marin-garcia\/\">MARIN GARCIA, TERESA <\/a><\/span><\/h3>\n<ul>\n<li>Doctora en Bellas Artes<\/li>\n<li>Profesora Titular de Universidad<\/li>\n<li>\u00c1rea de Pintura<\/li>\n<li><a href=\"mailto:tmarin@umh.es\">tmarin@umh.es<\/a><\/li>\n<\/ul>\n<p>&nbsp;<br \/>\n&nbsp;<\/p>\n<h2><span style=\"text-decoration: underline\"><a href=\"http:\/\/campusaltea.umh.es\/francisco-julian-martinez-cano\/\"><img loading=\"lazy\" class=\"alignleft wp-image-3980 size-thumbnail\" src=\"http:\/\/campusaltea.umh.es\/files\/2016\/10\/Paco-150x150.jpg\" alt=\"\" width=\"150\" height=\"150\" srcset=\"https:\/\/campusaltea.umh.es\/files\/2016\/10\/Paco-150x150.jpg 150w, https:\/\/campusaltea.umh.es\/files\/2016\/10\/Paco.jpg 200w\" sizes=\"(max-width: 150px) 100vw, 150px\" \/><\/a><\/span><\/h2>\n<h3><a title=\"Francisco Juli\u00e1n Mart\u00ednez Cano\" href=\"http:\/\/campusaltea.umh.es\/francisco-julian-martinez-cano\/\"><span style=\"text-decoration: underline\">MARTINEZ CANO, FRANCISCO JULIAN<\/span><\/a><\/h3>\n<ul>\n<li>Doctor en Bellas Artes<\/li>\n<li>Profesor Ayudante Doctor<\/li>\n<li>\u00c1rea de Comunicaci\u00f3n Audiovisual y Publicidad<\/li>\n<li><a href=\"mailto:francisco.martinezc@umh.es\">francisco.martinezc@umh.es<\/a><\/li>\n<\/ul>\n<p>&nbsp;<br \/>\n&nbsp;<\/p>\n<h2><span style=\"text-decoration: underline\"><a href=\"http:\/\/campusaltea.umh.es\/jose-francisco-martinez-gomez-de-albacete\/\"><img loading=\"lazy\" class=\"alignleft wp-image-3996 size-thumbnail\" src=\"http:\/\/campusaltea.umh.es\/files\/2016\/10\/Albacete-150x150.jpg\" alt=\"\" width=\"150\" height=\"150\" srcset=\"https:\/\/campusaltea.umh.es\/files\/2016\/10\/Albacete-150x150.jpg 150w, https:\/\/campusaltea.umh.es\/files\/2016\/10\/Albacete.jpg 200w\" sizes=\"(max-width: 150px) 100vw, 150px\" \/><\/a><\/span><\/h2>\n<h3><a title=\"Jos\u00e9 Francisco Mart\u00ednez G\u00f3mez de Albacete\" href=\"http:\/\/campusaltea.umh.es\/jose-francisco-martinez-gomez-de-albacete\/\"><span style=\"text-decoration: underline\">MARTINEZ GOMEZ DE ALBACETE, J. FCO.<\/span><\/a><\/h3>\n<ul>\n<li>Doctor en Bellas Artes<\/li>\n<li>Profesor Ayudante Doctor<\/li>\n<li>Secretario del Departamento de Arte<\/li>\n<li>\u00c1rea de Escultura<\/li>\n<li><a href=\"mailto:juan.martinezg@umh.es\">juan.martinezg@umh.es<\/a><\/li>\n<\/ul>\n<p>&nbsp;<\/p>\n<h2><span style=\"text-decoration: underline\"><a href=\"http:\/\/campusaltea.umh.es\/silvia-rosa-merce-cervello\/\"><img loading=\"lazy\" class=\"alignleft wp-image-3971 size-thumbnail\" src=\"http:\/\/campusaltea.umh.es\/files\/2016\/10\/Silvia-150x150.jpg\" alt=\"\" width=\"150\" height=\"150\" \/><\/a><\/span><\/h2>\n<h3><a title=\"Silvia Rosa Merc\u00e9 Cervell\u00f3\" href=\"http:\/\/campusaltea.umh.es\/silvia-rosa-merce-cervello\/\"><span style=\"text-decoration: underline\">MERCE CERVELLO, SILVIA ROSA<\/span><\/a><\/h3>\n<ul>\n<li>Doctora en Bellas Artes<\/li>\n<li>Profesor Titular de Universidad<\/li>\n<li>Subdirectora del Departamento de Arte<\/li>\n<li>\u00c1rea de Dibujo<\/li>\n<li><a href=\"mailto:s.merce@umh.es\">s.merce@umh.es<\/a><\/li>\n<\/ul>\n<p>&nbsp;<\/p>\n<h3><span style=\"text-decoration: underline\"><a href=\"http:\/\/campusaltea.umh.es\/javier-moreno-perez\/\"><img loading=\"lazy\" class=\"alignleft wp-image-3973 size-thumbnail\" src=\"http:\/\/campusaltea.umh.es\/files\/2016\/10\/Javi-Moreno-150x150.jpg\" alt=\"\" width=\"150\" height=\"150\" \/><\/a><a title=\"Javier Moreno P\u00e9rez\" href=\"http:\/\/campusaltea.umh.es\/javier-moreno-perez\/\">MORENO PEREZ, JAVIER <\/a><\/span><\/h3>\n<ul>\n<li>Doctor en Bellas Artes<\/li>\n<li>Profesor Ayudante Doctor<\/li>\n<li>Vicerrector Adjunto de Cultura<\/li>\n<li>\u00c1rea de Escultura<\/li>\n<li><a href=\"mailto:javier.morenop@umh.es\">javier.morenop@umh.es<\/a><\/li>\n<\/ul>\n<p>&nbsp;<\/p>\n<h2><span style=\"text-decoration: underline\"><a href=\"http:\/\/campusaltea.umh.es\/vicente-javier-perez-valero\/\"><img loading=\"lazy\" class=\"alignleft wp-image-5471 size-thumbnail\" src=\"http:\/\/campusaltea.umh.es\/files\/2021\/06\/vicente-j-perez_bbaa_mini-e1623053531942.jpg\" alt=\"\" width=\"150\" height=\"150\" \/><\/a><\/span><\/h2>\n<h3><a title=\"Vicente Javier Perez Valero\" href=\"http:\/\/campusaltea.umh.es\/vicente-javier-perez-valero\/\"><span style=\"text-decoration: underline\">PEREZ VALERO, VICENTE JAVIER<\/span><\/a><\/h3>\n<ul>\n<li>Doctor en Bellas Artes<\/li>\n<li>Profesor Ayudante Doctor<\/li>\n<li>\u00c1rea de Est\u00e9tica y Teoria de las Artes<\/li>\n<li><a href=\"mailto:vperez@umh.es\">vperez@umh.es<\/a><\/li>\n<\/ul>\n<p>&nbsp;<br \/>\n&nbsp;<\/p>\n<h2><span style=\"text-decoration: underline\"><a href=\"https:\/\/campusaltea.umh.es\/bibiana-de-la-soledad-sanchez-arenas\/\"><img loading=\"lazy\" class=\"alignleft wp-image-3960 size-thumbnail\" src=\"https:\/\/campusaltea.umh.es\/files\/2022\/11\/bibiana200.jpg\" alt=\"\" width=\"150\" height=\"150\" \/><\/a><\/span><\/h2>\n<h3><a title=\"Bibiana de la Soledad S\u00e1nchez Arenas\" href=\"https:\/\/campusaltea.umh.es\/bibiana-de-la-soledad-sanchez-arenas\/\"><span style=\"text-decoration: underline\">SANCHEZ ARENAS, BIBIANA DE LA SOLEDAD <\/span><\/a><\/h3>\n<ul>\n<li>Doctora en Bellas Artes<\/li>\n<li>Profesora Ayudante Doctor<\/li>\n<li>\u00c1rea de Escultura<\/li>\n<li><a href=\"mailto:bibiana.sancheza@umh.es\">bibiana.sancheza@umh.es<\/a><\/li>\n<\/ul>\n<p>&nbsp;<br \/>\n&nbsp;<\/p>\n<h2><a title=\"Lourdes Santamaria Blasco\" href=\"http:\/\/campusaltea.umh.es\/lourdes-santamaria-blasco\/\"><img loading=\"lazy\" class=\" wp-image-5409 size-thumbnail alignleft\" src=\"http:\/\/campusaltea.umh.es\/files\/2017\/02\/Lourdes2-150x150.jpg\" alt=\"\" width=\"150\" height=\"150\" \/><\/a><\/h2>\n<h3><span style=\"text-decoration: underline\"><a title=\"Lourdes Santamaria Blasco\" href=\"http:\/\/campusaltea.umh.es\/lourdes-santamaria-blasco\/\">SANTAMARIA BLASCO, M. LOURDES<\/a><\/span><\/h3>\n<ul>\n<li>Doctora en Bellas Artes<\/li>\n<li>Profesor Contratado Doctor<\/li>\n<li>\u00c1rea de Escultura<\/li>\n<li><a href=\"mailto:msantamaria@umh.es\">msantamaria@umh.es<\/a><\/li>\n<\/ul>\n<p>&nbsp;<br \/>\n&nbsp;<\/p>\n<h2><span style=\"text-decoration: underline\"><a href=\"http:\/\/campusaltea.umh.es\/daniel-pablo-tejero-olivares\/\"><img loading=\"lazy\" class=\"alignleft wp-image-3971 size-thumbnail\" src=\"http:\/\/campusaltea.umh.es\/files\/2016\/10\/Dani-negro-150x150.jpg\" alt=\"\" width=\"150\" height=\"150\" \/><\/a><\/span><\/h2>\n<h3><a title=\"Daniel Pablo Tejero Olivares\" href=\"http:\/\/campusaltea.umh.es\/daniel-pablo-tejero-olivares\/\"><span style=\"text-decoration: underline\">TEJERO OLIVARES, DANIEL PABLO <\/span><\/a><\/h3>\n<ul>\n<li>Doctor en Bellas Artes<\/li>\n<li>Catedr\u00e1tico de Universidad<\/li>\n<li>Director de Departamento de Arte<\/li>\n<li>\u00c1rea de Escultura<\/li>\n<li><a href=\"mailto:daniel.tejero@umh.es\">daniel.tejero@umh.es<\/a><\/li>\n<\/ul>\n<p>&nbsp;<\/p>\n<h3><span style=\"text-decoration: underline\"><a href=\"http:\/\/campusaltea.umh.es\/david-trujillo-ruiz\/\"><img loading=\"lazy\" class=\"alignleft wp-image-3973 size-thumbnail\" src=\"http:\/\/campusaltea.umh.es\/files\/2016\/10\/David-Trujillo-150x150.jpg\" alt=\"\" width=\"150\" height=\"150\" \/><\/a><a title=\"David Trujillo Ruiz\" href=\"http:\/\/campusaltea.umh.es\/david-trujillo-ruiz\/\">TRUJILLO RUIZ, DAVID <\/a><\/span><\/h3>\n<ul>\n<li>Doctor en Bellas Artes<\/li>\n<li>Profesor Ayudante Doctor<\/li>\n<li>\u00c1rea de Escultura<\/li>\n<li><a href=\"mailto:dtrujillo@umh.es\">dtrujillo@umh.es<\/a><\/li>\n<\/ul>\n<p>&nbsp;<br \/>\n&nbsp;<\/p>\n<h3><span style=\"text-decoration: underline\"><a href=\"http:\/\/campusaltea.umh.es\/rocio-villalonga-campos\/\"><img loading=\"lazy\" class=\" wp-image-3973 size-thumbnail alignleft\" src=\"http:\/\/campusaltea.umh.es\/files\/2016\/10\/Rocio-Villalonga-150x150.jpg\" alt=\"\" width=\"150\" height=\"150\" \/><\/a><a title=\"Roc\u00edo Villalonga Campos\" href=\"http:\/\/campusaltea.umh.es\/rocio-villalonga-campos\/\">VILLALONGA CAMPOS, MARIA ROCIO <\/a><\/span><\/h3>\n<ul>\n<li>Doctora en Bellas Artes<\/li>\n<li>Profesora Titular de Universidad<\/li>\n<li>\u00c1rea de Escultura<\/li>\n<li><a href=\"mailto:rvc@umh.es\">rvc@umh.es<\/a><\/li>\n<\/ul>\n<p>&nbsp;<br \/>\n&nbsp;<\/p>\n<h3><span style=\"text-decoration: underline\"><a href=\"http:\/\/campusaltea.umh.es\/maria-jose-zanon-cuenca\/\"><img loading=\"lazy\" class=\"alignleft wp-image-3973 size-thumbnail\" src=\"http:\/\/campusaltea.umh.es\/files\/2016\/10\/Maria-jose-Zanon-150x150.jpg\" alt=\"\" width=\"150\" height=\"150\" \/><\/a><a title=\"Maria Jos\u00e9 Zanon Cuenca\" href=\"http:\/\/campusaltea.umh.es\/maria-jose-zanon-cuenca\/\">ZANON CUENCA, MARIA JOSE <\/a><\/span><\/h3>\n<ul>\n<li>Doctora en Bellas Artes<\/li>\n<li>Catedr\u00e1tica de Universidad<\/li>\n<li>Vicedecana de Infraestructuras<\/li>\n<li>\u00c1rea de Escultura<\/li>\n<li><a href=\"mailto:mj.zanon@umh.es\">mj.zanon@umh.es<\/a><\/li>\n<\/ul>\n<p>&nbsp;<\/p>\n<\/div><div class=\"clear\"><\/div><\/p>","protected":false},"excerpt":{"rendered":"<p>PROFESORADO El claustro de profesores y profesoras del Campus de Altea est\u00e1 compuesto por profesionales del \u00e1mbito de las artes pl\u00e1sticas, artes visuales y del dise\u00f1o con acreditada experiencia profesional, docente e investigadora en las \u00e1reas de Escultura, Pintura, Dibujo, Historia del Arte, Comunicaci\u00f3n Audiovisual, Est\u00e9tica y Teor\u00eda de las Artes.<\/p>\n","protected":false},"author":469,"featured_media":0,"parent":0,"menu_order":0,"comment_status":"closed","ping_status":"open","template":"","meta":{"_links_to":"","_links_to_target":""},"_links":{"self":[{"href":"https:\/\/campusaltea.umh.es\/es\/wp-json\/wp\/v2\/pages\/3949"}],"collection":[{"href":"https:\/\/campusaltea.umh.es\/es\/wp-json\/wp\/v2\/pages"}],"about":[{"href":"https:\/\/campusaltea.umh.es\/es\/wp-json\/wp\/v2\/types\/page"}],"author":[{"embeddable":true,"href":"https:\/\/campusaltea.umh.es\/es\/wp-json\/wp\/v2\/users\/469"}],"replies":[{"embeddable":true,"href":"https:\/\/campusaltea.umh.es\/es\/wp-json\/wp\/v2\/comments?post=3949"}],"version-history":[{"count":0,"href":"https:\/\/campusaltea.umh.es\/es\/wp-json\/wp\/v2\/pages\/3949\/revisions"}],"wp:attachment":[{"href":"https:\/\/campusaltea.umh.es\/es\/wp-json\/wp\/v2\/media?parent=3949"}],"curies":[{"name":"wp","href":"https:\/\/api.w.org\/{rel}","templated":true}]}}