{"id":6388,"date":"2023-01-20T09:07:23","date_gmt":"2023-01-20T09:07:23","guid":{"rendered":"https:\/\/campusaltea.umh.es\/?page_id=6388"},"modified":"2023-01-20T10:38:00","modified_gmt":"2023-01-20T10:38:00","slug":"elia-torrecilla-patino","status":"publish","type":"page","link":"https:\/\/campusaltea.umh.es\/en\/elia-torrecilla-patino\/","title":{"rendered":"Elia Torrecilla Pati\u00f1o"},"content":{"rendered":"<p><div  class=\"ut-one-half  \">\n<p><a href=\"https:\/\/campusaltea.umh.es\/files\/2022\/10\/elia.jpg\"><img loading=\"lazy\" class=\"alignleft wp-image-4016 size-full\" src=\"https:\/\/campusaltea.umh.es\/files\/2022\/10\/elia.jpg\" alt=\"\" width=\"750\" height=\"1000\" \/><\/a><\/p>\n<\/div>\n<div  class=\"ut-one-half ut-column-last  \">\n<h4>Elia Torrecilla Pati\u00f1o<\/h4>\n<p>Elia Torrecilla desarrolla un trabajo art\u00edstico intermedia a trav\u00e9s del cual explora las relaciones entre cuerpo y espacio. Es directora del Festival internacional de Performances M\u00ednimas Urbanas en V\u00eddeo \u201cCuerpo Urbano en Acci\u00f3n\u201d y coordina el espacio art\u00edstico Fantastik Lab.<br \/>\nDesde 2013 hasta la actualidad viene mostrando el trabajo desarrollado en diversas exposiciones y eventos art\u00edsticos, tanto nacionales como internacionales, entre los que destaca la participaci\u00f3n en: ErrareRomaWest en MAXXI Roma, 2016; Unnoticed Art at Platforms Project, Atenas-Grecia, 2017; La Biennale de Momon-Francia, 2020; \u2018BAGI! Bilbao Arte Gela Irekia\u2019, Fundaci\u00f3n Bilbao Arte, 2021.<\/p>\n<p>Ha participado en diversos proyectos de Investigaci\u00f3n I+D entre los que destacan Recuperaci\u00f3n de pr\u00e1cticas pioneras del arte de acci\u00f3n de la vanguardia hist\u00f3rica espa\u00f1ola y su contribuci\u00f3n a la historia de la performance europea (har2014-58869-p) y ARGOS. Performances audiovisuales desarrolladas a partir del Sonido y del espacio esc\u00e9nico (Ref. PID2020-116186RA-C32).<\/p>\n<\/div><div class=\"clear\"><\/div>\n<hr \/>\n<div  class=\"ut-one-half  \">\n<h5>Informaci\u00f3n adicional<\/h5>\n<div id=\"ut-accordion-parent-13\" class=\"ut-accordion\"><div class=\"ut-accordion-group\"> <div class=\"ut-accordion-heading \"><a data-parent=\"#ut-accordion-parent-13\" class=\"accordion-toggle collapsed \" data-toggle=\"collapse\" data-target=\"#accordion12\">FIELDS OF INTEREST<\/a><\/div><div id=\"accordion12\" class=\"ut-accordion-body collapse\"><div class=\"ut-accordion-inner entry-content clearfix\">\n<ul>\n<li>Espacio p\u00fablico<\/li>\n<li>Arte de acci\u00f3n<\/li>\n<li>Intermedia<\/li>\n<\/ul>\n<\/div><\/div>\n<div id=\"ut-accordion-parent-14\" class=\"ut-accordion\"><div class=\"ut-accordion-group\"><\/div><\/div> <div class=\"ut-accordion-heading \"><a data-parent=\"#ut-accordion-parent-14\" class=\"accordion-toggle collapsed \" data-toggle=\"collapse\" data-target=\"#accordion13\">STUDIES<\/a><\/div><div id=\"accordion13\" class=\"ut-accordion-body collapse\"><div class=\"ut-accordion-inner entry-content clearfix\">\n<ul>\n<li>T\u00e9cnica Superior en Dise\u00f1o Gr\u00e1fico e Ilustraci\u00f3n.<\/li>\n<li>M\u00e1ster en Arte. Producci\u00f3n e Investigaci\u00f3n.<\/li>\n<li>Doctora en Arte. Producci\u00f3n e investigaci\u00f3n por la Universitat Polit\u00e8cnica de Val\u00e8ncia, 2018.<\/li>\n<\/ul>\n<\/div><\/div>\n<div id=\"ut-accordion-parent-15\" class=\"ut-accordion\"><div class=\"ut-accordion-group\"><\/div><\/div> <div class=\"ut-accordion-heading \"><a data-parent=\"#ut-accordion-parent-15\" class=\"accordion-toggle collapsed \" data-toggle=\"collapse\" data-target=\"#accordion14\">doctoral thesis<\/a><\/div><div id=\"accordion14\" class=\"ut-accordion-body collapse\"><div class=\"ut-accordion-inner entry-content clearfix\">\n<p><em>Fl\u00e2neur, Ciberfl\u00e2neur, Phoneur: Un paseo de resignificaci\u00f3n del fl\u00e2neur por el espacio urbano moderno, el ciberespacio y el espacio h\u00edbrido. Acciones art\u00edsticas propias entre 2011-2018<\/em> Universitat Polit\u00e8cnica de Val\u00e8ncia, 2018. Sobresaliente Cum Laude.<\/p>\n<\/div><\/div>\n<div id=\"ut-accordion-parent-16\" class=\"ut-accordion\"><div class=\"ut-accordion-group\"><\/div><\/div> <div class=\"ut-accordion-heading \"><a data-parent=\"#ut-accordion-parent-16\" class=\"accordion-toggle collapsed \" data-toggle=\"collapse\" data-target=\"#accordion15\">areas of research<\/a><\/div><div id=\"accordion15\" class=\"ut-accordion-body collapse\"><div class=\"ut-accordion-inner entry-content clearfix\">\n<ul>\n<li><span style=\"font-weight: 400\">Arte y espacio p\u00fablico.<\/span><\/li>\n<li><span style=\"font-weight: 400\">Performance.<\/span><\/li>\n<li><span style=\"font-weight: 400\">Arte sonoro.<\/span><\/li>\n<li><span style=\"font-weight: 400\">Cuerpos y espacios h\u00edbridos.<\/span><\/li>\n<\/ul>\n<\/div><\/div>\n<div id=\"ut-accordion-parent-17\" class=\"ut-accordion\"><div class=\"ut-accordion-group\"><\/div><\/div> <div class=\"ut-accordion-heading \"><a data-parent=\"#ut-accordion-parent-17\" class=\"accordion-toggle collapsed \" data-toggle=\"collapse\" data-target=\"#accordion16\">INDIVIDUAL EXHIBITIONS<\/a><\/div><div id=\"accordion16\" class=\"ut-accordion-body collapse\"><div class=\"ut-accordion-inner entry-content clearfix\">\n<ul>\n<li><span style=\"font-weight: 400\">\u201cLa ciudad intermedia\u201d, Sala Universitas. Edificio de vicerrectorado de la Universidad Miguel Hern\u00e1ndez de Elche, 2021, Comisariado: Tatiana Sentamans y Javier Moreno, Cat\u00e1logo.<\/span><\/li>\n<li><span style=\"font-weight: 400\">T\u00f3rtola Valencia Performer, dentro del ciclo #HabitemCaf\u00e9Rialto, Teatro Rialto, Valencia, 2019, Comisario: Pedro Montalb\u00e1n.<\/span><\/li>\n<li><span style=\"font-weight: 400\">\u201c7 paseos en acci\u00f3n\u201d. Museari Queer Art. Museu del\u00b4Imaginari, 2017, Comisario: Germ\u00e1n Navarro.<\/span><\/li>\n<\/ul>\n<\/div><\/div>\n<div id=\"ut-accordion-parent-18\" class=\"ut-accordion\"><div class=\"ut-accordion-group\"><\/div><\/div> <div class=\"ut-accordion-heading \"><a data-parent=\"#ut-accordion-parent-18\" class=\"accordion-toggle collapsed \" data-toggle=\"collapse\" data-target=\"#accordion17\">GROUP EXHIBITION<\/a><\/div><div id=\"accordion17\" class=\"ut-accordion-body collapse\"><div class=\"ut-accordion-inner entry-content clearfix\">\n<ul>\n<li><i><span style=\"font-weight: 400\">Touch Me!, <\/span><\/i><span style=\"font-weight: 400\">VOLUMENS. 5 Festival internacional Arte, Ciencia, Tecnolog\u00eda y M\u00fasica. Las Naves Centre D\u00b4Innovaci\u00f2. Valencia, 2021.<\/span><\/li>\n<li><i><span style=\"font-weight: 400\">Arte Sobre Papel \u00bfreminiscencia o vigencia?<\/span><\/i><span style=\"font-weight: 400\">, Centro de Arte Contempor\u00e1neo Francisco Fern\u00e1ndez Torreblascopedro, Ja\u00e9n, 2021. Cat\u00e1logo.<\/span><\/li>\n<li><i><span style=\"font-weight: 400\">Fem Tour Track<\/span><\/i><span style=\"font-weight: 400\"> (Festival Internacional de videoarte feminista), dentro del Festival Mostra Viva 2020: Videocreaci\u00f3 del Mediterrani, Centre Octubre Cultura Contempor\u00e1nia, (Comisaria: Alejandra Bueno), Valencia, 2020. <\/span><\/li>\n<li><i><span style=\"font-weight: 400\">Festival MEVArt VIII Streaming: M\u00fasica Electr\u00f3nica y Video Arte 2020<\/span><\/i><span style=\"font-weight: 400\">. Auditori Alfons Roing de la Facultad de Bellas Artes de San Carlos (Universitat Polit\u00e8cnica de Val\u00e8ncia), 2020.<\/span><\/li>\n<li><i><span style=\"font-weight: 400\">Cultura Online #CMCVaCasa<\/span><\/i><span style=\"font-weight: 400\"> del Consorci de Museus de la Comunitat Valenciana, Centre del Carme Cultura Contempor\u00e1nia, Valencia, 2020.<\/span><\/li>\n<li><i><span style=\"font-weight: 400\">The Second Night of Experimental Boredom<\/span><\/i><span style=\"font-weight: 400\">,\u00a0 222LODGE Singel 222, Dordrecht &#8211; The Nederlands, 2020.<\/span><\/li>\n<li><i><span style=\"font-weight: 400\">ATENEA <\/span><\/i><span style=\"font-weight: 400\">(Women in Arts, Science &amp; Technology). Las Naves Centre D\u00b4Innovaci\u00f2. Valencia, 2019.<\/span><\/li>\n<li><i><span style=\"font-weight: 400\">Encuentro de Arte Contempor\u00e1neo EAC<\/span><\/i><span style=\"font-weight: 400\">, Museo de la Universidad de Alicante (MUA), 2019. Cat\u00e1logo.<\/span><\/li>\n<\/ul>\n<\/div><\/div>\n<div id=\"ut-accordion-parent-19\" class=\"ut-accordion\"><div class=\"ut-accordion-group\"><\/div><\/div> <div class=\"ut-accordion-heading \"><a data-parent=\"#ut-accordion-parent-19\" class=\"accordion-toggle collapsed \" data-toggle=\"collapse\" data-target=\"#accordion18\">Books<\/a><\/div><div id=\"accordion18\" class=\"ut-accordion-body collapse\"><div class=\"ut-accordion-inner entry-content clearfix\">\n<ul>\n<li><span style=\"font-weight: 400\">Elia Torrecilla, &#8220;Una calle propia: Fl\u00e2neuses haciendo ciudad paso a paso desde la performance&#8221;. En Laboratorio de Creaciones Intermedia (ed.) Protoperformance en Espa\u00f1a (1834-1964), Weekend Proms, Lucena, 2020.<\/span><\/li>\n<li><span style=\"font-weight: 400\">Elia Torrecilla, \u201cLost in the city\u201d. En Van Lent, Frans (ed.). The Parallel Show, Jap Sam Books, The Nederlands, 2018.<\/span><\/li>\n<li><span style=\"font-weight: 400\">Elia Torrecilla, \u201cLl\u00e9vame contigo a Honolul\u00fa. Correspondencia en discos (1934) de Antonio de Obreg\u00f3n\u201d En Laboratorio de Creaciones Intermedia (ed.). Pioneros del Arte Sonoro en Espa\u00f1a de Cervantes a las Vanguardias. <\/span><span style=\"font-weight: 400\">Weekend Proms, Lucena, 2016.<\/span><\/li>\n<\/ul>\n<\/div><\/div>\n<div id=\"ut-accordion-parent-20\" class=\"ut-accordion\"><div class=\"ut-accordion-group\"><\/div><\/div> <div class=\"ut-accordion-heading \"><a data-parent=\"#ut-accordion-parent-20\" class=\"accordion-toggle collapsed \" data-toggle=\"collapse\" data-target=\"#accordion19\">Magazine Articles<\/a><\/div><div id=\"accordion19\" class=\"ut-accordion-body collapse\"><div class=\"ut-accordion-inner entry-content clearfix\">\n<ul>\n<li><span style=\"font-weight: 400\">Elia Torrecilla, \u201cLa ciudad como un libro abierto: el <\/span><i><span style=\"font-weight: 400\">fl\u00e2neur<\/span><\/i><span style=\"font-weight: 400\"> como lector y escritor del espacio h\u00edbrido a trav\u00e9s de la pr\u00e1ctica art\u00edstica\u201d. ESCENA Revista de las artes, Universidad de Costa Rica, 2020. <\/span><\/li>\n<li><span style=\"font-weight: 400\">Elia Torrecilla, \u201cMujeres haciendo ciudad: Fl\u00e2neuses y las Sinsombrero\u201d, kultur, Revista interdisciplinaria sobre la cultura de la ciutat, Universitat Jaume I, Castell\u00f3n, 2017.<\/span><\/li>\n<li><span style=\"font-weight: 400\">Elia Torrecilla, \u201cUn desplazamiento virtual y visual al espacio h\u00edbrido a trav\u00e9s de la figura del fl\u00e2neur\u201d. AusArt Journal for Research in Art, UPV-EHU, Pa\u00eda Vasco, 2016.<\/span><\/li>\n<li><span style=\"font-weight: 400\">Elia Torrecilla, \u201cEl lenguaje de las interfaces en movimiento: La hibridaci\u00f3n en la pr\u00e1ctica art\u00edstica de NoDOS (3)\u201d. ASRI. Arte y Sociedad. Revista de Investigaci\u00f3n, Universidad de M\u00e1laga, 2018.<\/span><\/li>\n<\/ul>\n<\/div><\/div>\n<div id=\"ut-accordion-parent-21\" class=\"ut-accordion\"><div class=\"ut-accordion-group\"><\/div><\/div> <div class=\"ut-accordion-heading \"><a data-parent=\"#ut-accordion-parent-21\" class=\"accordion-toggle collapsed \" data-toggle=\"collapse\" data-target=\"#accordion20\">Curatorship<\/a><\/div><div id=\"accordion20\" class=\"ut-accordion-body collapse\"><div class=\"ut-accordion-inner entry-content clearfix\">\n<ul>\n<li>Festival Internacional Performance M\u00ednimas Urbanas en V\u00eddeo \u201cCuerpo Urbano en Acci\u00f3n\u201d, I Edici\u00f3n (2019), II Edici\u00f3n (2020) y III Edici\u00f3n (2022). Cat\u00e1logo.<\/li>\n<li><span style=\"font-weight: 400\">Por relevancia de espacios:<\/span>\n<ul>\n<li><span style=\"font-weight: 400\">Art Gallery of Goethe Institute of Porto Alegre (Brazil).<\/span><\/li>\n<li><span style=\"font-weight: 400\">Centro de Arte La Regenta (Las Palmas de Gran Canaria).<\/span><\/li>\n<li><span style=\"font-weight: 400\">Facultad de Bellas Artes UGR (Universidad de Granada).<\/span><\/li>\n<li><span style=\"font-weight: 400\">Facultad de Bellas Artes de Pontevedra (Universidad de Vigo) y CGAC (Centro Galego de<\/span><\/li>\n<\/ul>\n<\/li>\n<li><span style=\"font-weight: 400\">Arte Contempor\u00e1nea &#8211; Santiago de Compostela).<\/span>\n<ul>\n<li><span style=\"font-weight: 400\">Pictura Dordrecht Contemporary Art Center (Rotterdam-The Netherlands).<\/span><\/li>\n<li><span style=\"font-weight: 400\">Audit\u00f3rio (Sala Nascente) del Col\u00e9gio de los Jesu\u00edtas de la Universidade da Madeira, Funchal (Isla de Madeira) Portugal.<\/span><\/li>\n<li><span style=\"font-weight: 400\">Facultad de Bellas Artes de la Universidad Miguel Hern\u00e1ndez de Elche (Campus de Altea).<\/span><\/li>\n<li><span style=\"font-weight: 400\">Biblioteca Popular (Colonia Argentina, Alcald\u00eda Miguel Hidalgo. CDMX, M\u00e9xico).<\/span><\/li>\n<\/ul>\n<\/li>\n<\/ul>\n<\/div><\/div>\n<div id=\"ut-accordion-parent-22\" class=\"ut-accordion\"><div class=\"ut-accordion-group\"><\/div><\/div> <div class=\"ut-accordion-heading \"><a data-parent=\"#ut-accordion-parent-22\" class=\"accordion-toggle collapsed \" data-toggle=\"collapse\" data-target=\"#accordion21\">AWARDS AND SCHOLARSHIPS<\/a><\/div><div id=\"accordion21\" class=\"ut-accordion-body collapse\"><div class=\"ut-accordion-inner entry-content clearfix\">\n<ul>\n<li><span style=\"font-weight: 400\">Beca FPI en el Laboratorio de Creaciones Intermedia, Universitat Polit\u00e8cnica de Val\u00e8ncia, 2014-2018.<\/span><\/li>\n<li><span style=\"font-weight: 400\">Beca de Investigaci\u00f3n y Residencia Art\u00edstica en el Centro de Arte La Regenta, Gobierno de Canarias, 2018.<\/span><\/li>\n<li><span style=\"font-weight: 400\">Premio Password Printmaking concedido por la Fundaci\u00f3n Hablar en Arte y el Centro Internacional de Artes Gr\u00e1ficas Ljubljana (Eslovenia), 2014.<\/span><\/li>\n<\/ul>\n<\/div><\/div>\n<div id=\"ut-accordion-parent-23\" class=\"ut-accordion\"><div class=\"ut-accordion-group\"><\/div><\/div> <div class=\"ut-accordion-heading \"><a data-parent=\"#ut-accordion-parent-23\" class=\"accordion-toggle collapsed \" data-toggle=\"collapse\" data-target=\"#accordion22\">works in art collections<\/a><\/div><div id=\"accordion22\" class=\"ut-accordion-body collapse\"><div class=\"ut-accordion-inner entry-content clearfix\">\n<ul>\n<li><span style=\"font-weight: 400\">Centro de Arte Contempor\u00e1neo Ifitry (Essaouira-Marruecos)<\/span><\/li>\n<\/ul>\n<\/div><\/div>\n<div id=\"ut-accordion-parent-24\" class=\"ut-accordion\"><div class=\"ut-accordion-group\"><\/div><\/div> <div class=\"ut-accordion-heading \"><a data-parent=\"#ut-accordion-parent-24\" class=\"accordion-toggle collapsed \" data-toggle=\"collapse\" data-target=\"#accordion23\">Other<\/a><\/div><div id=\"accordion23\" class=\"ut-accordion-body collapse\"><div class=\"ut-accordion-inner entry-content clearfix\">\n<ul>\n<li><span style=\"font-weight: 400\">Estancia de Investigaci\u00f3n en la Universit\u00e1 di Roma Tre, Dipartamento di Architettura, Laboratorio di Arte Civiche, 2015.<\/span><\/li>\n<\/ul>\n<\/div><\/div>\n<\/div><\/div>\n<div  class=\"ut-one-half  \"><\/div>\n<\/div>\n<div  class=\"ut-one-half ut-column-last  \">\n<p>\n\t\t\t<!-- START Elia REVOLUTION SLIDER 6.5.14 --><p class=\"rs-p-wp-fix\"><\/p>\n\t\t\t<rs-module-wrap id=\"rev_slider_82_2_wrapper\" data-source=\"gallery\" style=\"visibility:hidden;background:transparent;padding:0;margin:0px auto;margin-top:0;margin-bottom:0;\">\n\t\t\t\t<rs-module id=\"rev_slider_82_2\" style=\"\" data-version=\"6.5.14\">\n\t\t\t\t\t<rs-slides>\n\t\t\t\t\t\t<rs-slide style=\"position: absolute;\" data-key=\"rs-652\" data-title=\"Slide\" data-thumb=\"\/\/campusaltea.umh.es\/files\/2023\/01\/1_La-Ciudad-Intermedia-2021-1536x1152-100x50.jpg\" data-in=\"o:0;\" data-out=\"a:false;\">\n\t\t\t\t\t\t\t<img src=\"\/\/campusaltea.umh.es\/wp-content\/plugins\/revslider\/public\/assets\/assets\/dummy.png\" alt=\"\" title=\"1_La Ciudad Intermedia, 2021\" width=\"1536\" height=\"1152\" class=\"rev-slidebg tp-rs-img rs-lazyload\" data-lazyload=\"\/\/campusaltea.umh.es\/files\/2023\/01\/1_La-Ciudad-Intermedia-2021-1536x1152.jpg\" data-bg=\"f:contain;\" data-no-retina>\n<!---->\t\t\t\t\t\t<\/rs-slide>\n\t\t\t\t\t\t<rs-slide style=\"position: absolute;\" data-key=\"rs-655\" data-title=\"Slide\" data-thumb=\"\/\/campusaltea.umh.es\/files\/2023\/01\/3_La-Ciudad-Intermedia-2021-1536x1152-100x50.jpg\" data-in=\"o:0;\" data-out=\"a:false;\">\n\t\t\t\t\t\t\t<img src=\"\/\/campusaltea.umh.es\/wp-content\/plugins\/revslider\/public\/assets\/assets\/dummy.png\" alt=\"\" title=\"3_La Ciudad Intermedia, 2021\" width=\"1536\" height=\"1152\" class=\"rev-slidebg tp-rs-img rs-lazyload\" data-lazyload=\"\/\/campusaltea.umh.es\/files\/2023\/01\/3_La-Ciudad-Intermedia-2021-1536x1152.jpg\" data-bg=\"f:contain;\" data-no-retina>\n<!---->\t\t\t\t\t\t<\/rs-slide>\n\t\t\t\t\t\t<rs-slide style=\"position: absolute;\" data-key=\"rs-658\" data-title=\"Slide\" data-thumb=\"\/\/campusaltea.umh.es\/files\/2023\/01\/4_La-Ciudad-Intermedia-2021-scaled-100x50.jpg\" data-in=\"o:0;\" data-out=\"a:false;\">\n\t\t\t\t\t\t\t<img src=\"\/\/campusaltea.umh.es\/wp-content\/plugins\/revslider\/public\/assets\/assets\/dummy.png\" alt=\"\" title=\"4_La Ciudad Intermedia, 2021\" width=\"2560\" height=\"1920\" class=\"rev-slidebg tp-rs-img rs-lazyload\" data-lazyload=\"\/\/campusaltea.umh.es\/files\/2023\/01\/4_La-Ciudad-Intermedia-2021-scaled.jpg\" data-bg=\"f:contain;\" data-no-retina>\n<!---->\t\t\t\t\t\t<\/rs-slide>\n\t\t\t\t\t\t<rs-slide style=\"position: absolute;\" data-key=\"rs-661\" data-title=\"Slide\" data-thumb=\"\/\/campusaltea.umh.es\/files\/2023\/01\/2_La-Ciudad-Intermedia-2021-806x300-100x50.jpg\" data-in=\"o:0;\" data-out=\"a:false;\">\n\t\t\t\t\t\t\t<img src=\"\/\/campusaltea.umh.es\/wp-content\/plugins\/revslider\/public\/assets\/assets\/dummy.png\" alt=\"\" title=\"2_La Ciudad Intermedia, 2021\" width=\"806\" height=\"300\" class=\"rev-slidebg tp-rs-img rs-lazyload\" data-lazyload=\"\/\/campusaltea.umh.es\/files\/2023\/01\/2_La-Ciudad-Intermedia-2021-806x300.jpg\" data-bg=\"f:contain;\" data-no-retina>\n<!---->\t\t\t\t\t\t<\/rs-slide>\n\t\t\t\t\t<\/rs-slides>\n\t\t\t\t<\/rs-module>\n\t\t\t\t<script>\n\t\t\t\t\tsetREVStartSize({c: 'rev_slider_82_2',rl:[1240,1024,778,480],el:[868],gw:[1240],gh:[868],type:'standard',justify:'',layout:'fullwidth',mh:\"0\"});if (window.RS_MODULES!==undefined && window.RS_MODULES.modules!==undefined && window.RS_MODULES.modules[\"revslider822\"]!==undefined) {window.RS_MODULES.modules[\"revslider822\"].once = false;window.revapi82_2 = undefined;if (window.RS_MODULES.checkMinimal!==undefined) window.RS_MODULES.checkMinimal()}\n\t\t\t\t<\/script>\n\t\t\t<\/rs-module-wrap>\n\t\t\t<!-- END REVOLUTION SLIDER -->\n<br \/>\n<\/div><div class=\"clear\"><\/div><\/p>","protected":false},"excerpt":{"rendered":"Elia Torrecilla Pati\u00f1o Elia Torrecilla desarrolla un trabajo art\u00edstico intermedia a trav\u00e9s del cual explora las relaciones entre cuerpo y espacio. Es directora del Festival internacional de Performances M\u00ednimas Urbanas en V\u00eddeo \u201cCuerpo Urbano en Acci\u00f3n\u201d y coordina el espacio art\u00edstico Fantastik Lab. Desde 2013 hasta la actualidad viene mostrando el trabajo desarrollado en diversas [...]","protected":false},"author":469,"featured_media":0,"parent":0,"menu_order":0,"comment_status":"closed","ping_status":"closed","template":"","meta":{"_links_to":"","_links_to_target":""},"_links":{"self":[{"href":"https:\/\/campusaltea.umh.es\/en\/wp-json\/wp\/v2\/pages\/6388"}],"collection":[{"href":"https:\/\/campusaltea.umh.es\/en\/wp-json\/wp\/v2\/pages"}],"about":[{"href":"https:\/\/campusaltea.umh.es\/en\/wp-json\/wp\/v2\/types\/page"}],"author":[{"embeddable":true,"href":"https:\/\/campusaltea.umh.es\/en\/wp-json\/wp\/v2\/users\/469"}],"replies":[{"embeddable":true,"href":"https:\/\/campusaltea.umh.es\/en\/wp-json\/wp\/v2\/comments?post=6388"}],"version-history":[{"count":0,"href":"https:\/\/campusaltea.umh.es\/en\/wp-json\/wp\/v2\/pages\/6388\/revisions"}],"wp:attachment":[{"href":"https:\/\/campusaltea.umh.es\/en\/wp-json\/wp\/v2\/media?parent=6388"}],"curies":[{"name":"wp","href":"https:\/\/api.w.org\/{rel}","templated":true}]}}